{"id":11224,"date":"2024-10-23T15:00:52","date_gmt":"2024-10-23T19:00:52","guid":{"rendered":"https:\/\/arteliagroup.ca\/?post_type=projets&#038;p=11224"},"modified":"2026-02-04T14:46:39","modified_gmt":"2026-02-04T19:46:39","slug":"reamenagement-du-chemin-remembrance","status":"publish","type":"projets","link":"https:\/\/arteliagroup.ca\/fr\/projets\/reamenagement-du-chemin-remembrance\/","title":{"rendered":"R\u00e9am\u00e9nagement du chemin Remembrance"},"content":{"rendered":"","protected":false},"excerpt":{"rendered":"<p>Notre \u00e9quipe multidisciplinaire a particip\u00e9 \u00e0 chaque \u00e9tape de conception et de r\u00e9alisation pour ce r\u00e9am\u00e9nagement.<\/p>\n","protected":false},"featured_media":11724,"template":"","format":"standard","meta":{"_acf_changed":false},"domaines":[67,64],"domaine-activite":[326,325,139,145,140,141],"enjeux":[75],"galerie":[],"pays":[385],"class_list":["post-11224","projets","type-projets","status-publish","format-standard","has-post-thumbnail","hentry","domaines-environnement-et-sciences-de-la-terre","domaines-mobilite","domaine-activite-architecture-de-paysage-et-design-urbain","domaine-activite-arpentage-et-acquisition-de-donnees","domaine-activite-gestion-de-la-circulation","domaine-activite-infrastructures-urbaines","domaine-activite-systemes-de-transport-intelligents-et-eclairage-routier","domaine-activite-transport-actif-et-collectif","enjeux-mieux-vivre-en-ville","pays-canada"],"acf":{"Citation":"Transformer l'entr\u00e9e du Mont-Royal en un espace vibrant et accueillant pour tous, red\u00e9finissant la connexion entre la ville et la nature","head_projet":11977,"projet_phare":11722,"prix":32459,"copyright":"","description_projets":"Le projet de r\u00e9am\u00e9nagement de l\u2019intersection du chemin de la C\u00f4te-des-Neiges et du chemin Remembrance, situ\u00e9 au c\u0153ur du site patrimonial du Mont-Royal, \u00e9tait l\u2019occasion parfaite pour cr\u00e9er une nouvelle porte d\u2019entr\u00e9e digne du Mont-Royal, le parc le plus embl\u00e9matique de Montr\u00e9al. Le projet a \u00e9t\u00e9 pens\u00e9 comme un espace accueillant pour les pi\u00e9tons, les cyclistes, et m\u00eame la faune, soulignant ainsi l\u2019engagement de la Ville \u00e0 reconnecter les citoyens avec leur montagne, au-del\u00e0 de la simple circulation automobile.\r\n\r\nNotre \u00e9quipe multidisciplinaire a \u00e9t\u00e9 mandat\u00e9e pour participer \u00e0 chaque \u00e9tape de conception et de r\u00e9alisation, en surmontant les nombreux d\u00e9fis li\u00e9s au r\u00e9am\u00e9nagement d\u2019un carrefour aussi central et achaland\u00e9. Ce site, avec sa g\u00e9ographie unique et son environnement naturel, abrite de nombreux arbres matures qu\u2019il a fallu pr\u00e9server et m\u00eame transplanter. Le nouvel am\u00e9nagement transforme de mani\u00e8re impressionnante l\u2019axe Remembrance\u2013C\u00f4te-des-Neiges, en rempla\u00e7ant les viaducs par des intersections dot\u00e9es de feux de circulation. Il int\u00e8gre \u00e9galement une place publique bord\u00e9e de v\u00e9g\u00e9tation, en plus de compl\u00e9ter le r\u00e9seau de sentiers connu sous le nom de \u00ab chemin de ceinture du Mont-Royal \u00bb. De plus, ce projet met \u00e0 niveau les r\u00e9seaux souterrains (\u00e9gout, aqueduc, \u00e9lectricit\u00e9, t\u00e9l\u00e9communication et gaz naturel) du secteur. Ce projet illustre une collaboration interdisciplinaire qui vise \u00e0 cr\u00e9er un espace unique au c\u0153ur du site patrimonial et historique du Mont-Royal.","Client":"Ville de Montr\u00e9al","Lieu":"Montr\u00e9al","villes":"","gallery":[11710,11712,11714,11716,11718],"domaines_dactivite":"<a href=\"https:\/\/arteliagroup.ca\/fr\/nos-domaines\/environnement-et-sciences-de-la-terre\/architecture-de-paysage-et-design-urbain\/\">Architecture de paysage et design urbain<\/a>\r\n\r\n<a href=\"https:\/\/arteliagroup.ca\/fr\/nos-domaines\/mobilite\/arpentage-et-acquisition-de-donnees\/\">Arpentage et acquisition de donn\u00e9es<\/a>\r\n\r\n<a href=\"https:\/\/arteliagroup.ca\/fr\/nos-domaines\/mobilite\/gestion-de-la-circulation\/\">Gestion de la circulation<\/a>\r\n\r\n<a href=\"https:\/\/arteliagroup.ca\/fr\/nos-domaines\/mobilite\/infrastructures-urbaines\/\">Infrastructures urbaines<\/a>\r\n\r\n<a href=\"https:\/\/arteliagroup.ca\/fr\/nos-domaines\/mobilite\/systemes-de-transport-intelligents-et-eclairage-routier\/\">Syst\u00e8mes de transport intelligents et \u00e9clairage routier<\/a>\r\n\r\n<a href=\"https:\/\/arteliagroup.ca\/fr\/nos-domaines\/mobilite\/transport-actif-et-collectif\/\">Transport actif et collectif<\/a>"},"yoast_head":"<!-- This site is optimized with the Yoast SEO plugin v27.4 - https:\/\/yoast.com\/product\/yoast-seo-wordpress\/ -->\n<title>R\u00e9am\u00e9nagement du chemin Remembrance - Artelia<\/title>\n<meta name=\"description\" content=\"Notre \u00e9quipe multidisciplinaire a particip\u00e9 \u00e0 chaque \u00e9tape de conception et de r\u00e9alisation pour ce r\u00e9am\u00e9nagement.\" \/>\n<meta name=\"robots\" content=\"index, follow, max-snippet:-1, max-image-preview:large, max-video-preview:-1\" \/>\n<link rel=\"canonical\" href=\"https:\/\/arteliagroup.ca\/fr\/projets\/reamenagement-du-chemin-remembrance\/\" \/>\n<meta property=\"og:locale\" content=\"fr_CA\" \/>\n<meta property=\"og:type\" content=\"article\" \/>\n<meta property=\"og:title\" content=\"R\u00e9am\u00e9nagement du chemin Remembrance - Artelia\" \/>\n<meta property=\"og:description\" content=\"Notre \u00e9quipe multidisciplinaire a particip\u00e9 \u00e0 chaque \u00e9tape de conception et de r\u00e9alisation pour ce r\u00e9am\u00e9nagement.\" \/>\n<meta property=\"og:url\" content=\"https:\/\/arteliagroup.ca\/fr\/projets\/reamenagement-du-chemin-remembrance\/\" \/>\n<meta property=\"og:site_name\" content=\"Artelia\" \/>\n<meta property=\"article:publisher\" content=\"https:\/\/www.linkedin.com\/company\/artelia-canada\/\" \/>\n<meta property=\"article:modified_time\" content=\"2026-02-04T19:46:39+00:00\" \/>\n<meta property=\"og:image\" content=\"https:\/\/arteliagroup.ca\/wp-content\/uploads\/2024\/10\/Reamenagement-du-chemin-Remembrance_v-1.webp\" \/>\n\t<meta property=\"og:image:width\" content=\"400\" \/>\n\t<meta property=\"og:image:height\" content=\"400\" \/>\n\t<meta property=\"og:image:type\" content=\"image\/webp\" \/>\n<meta name=\"twitter:card\" content=\"summary_large_image\" \/>\n<meta name=\"twitter:label1\" content=\"Estimation du temps de lecture\" \/>\n\t<meta name=\"twitter:data1\" content=\"3 minutes\" \/>\n<script type=\"application\/ld+json\" class=\"yoast-schema-graph\">{\"@context\":\"https:\\\/\\\/schema.org\",\"@graph\":[{\"@type\":\"WebPage\",\"@id\":\"https:\\\/\\\/arteliagroup.ca\\\/fr\\\/projets\\\/reamenagement-du-chemin-remembrance\\\/\",\"url\":\"https:\\\/\\\/arteliagroup.ca\\\/fr\\\/projets\\\/reamenagement-du-chemin-remembrance\\\/\",\"name\":\"R\u00e9am\u00e9nagement du chemin Remembrance - Artelia\",\"isPartOf\":{\"@id\":\"https:\\\/\\\/arteliagroup.ca\\\/fr\\\/#website\"},\"primaryImageOfPage\":{\"@id\":\"https:\\\/\\\/arteliagroup.ca\\\/fr\\\/projets\\\/reamenagement-du-chemin-remembrance\\\/#primaryimage\"},\"image\":{\"@id\":\"https:\\\/\\\/arteliagroup.ca\\\/fr\\\/projets\\\/reamenagement-du-chemin-remembrance\\\/#primaryimage\"},\"thumbnailUrl\":\"https:\\\/\\\/arteliagroup.ca\\\/wp-content\\\/uploads\\\/2024\\\/10\\\/Reamenagement-du-chemin-Remembrance_v-1.webp\",\"datePublished\":\"2024-10-23T19:00:52+00:00\",\"dateModified\":\"2026-02-04T19:46:39+00:00\",\"description\":\"Notre \u00e9quipe multidisciplinaire a particip\u00e9 \u00e0 chaque \u00e9tape de conception et de r\u00e9alisation pour ce r\u00e9am\u00e9nagement.\",\"breadcrumb\":{\"@id\":\"https:\\\/\\\/arteliagroup.ca\\\/fr\\\/projets\\\/reamenagement-du-chemin-remembrance\\\/#breadcrumb\"},\"inLanguage\":\"fr-FR\",\"potentialAction\":[{\"@type\":\"ReadAction\",\"target\":[\"https:\\\/\\\/arteliagroup.ca\\\/fr\\\/projets\\\/reamenagement-du-chemin-remembrance\\\/\"]}]},{\"@type\":\"ImageObject\",\"inLanguage\":\"fr-FR\",\"@id\":\"https:\\\/\\\/arteliagroup.ca\\\/fr\\\/projets\\\/reamenagement-du-chemin-remembrance\\\/#primaryimage\",\"url\":\"https:\\\/\\\/arteliagroup.ca\\\/wp-content\\\/uploads\\\/2024\\\/10\\\/Reamenagement-du-chemin-Remembrance_v-1.webp\",\"contentUrl\":\"https:\\\/\\\/arteliagroup.ca\\\/wp-content\\\/uploads\\\/2024\\\/10\\\/Reamenagement-du-chemin-Remembrance_v-1.webp\",\"width\":400,\"height\":400,\"caption\":\"Notre \u00e9quipe multidisciplinaire a particip\u00e9 \u00e0 chaque \u00e9tape de conception et de r\u00e9alisation pour ce r\u00e9am\u00e9nagement.\"},{\"@type\":\"BreadcrumbList\",\"@id\":\"https:\\\/\\\/arteliagroup.ca\\\/fr\\\/projets\\\/reamenagement-du-chemin-remembrance\\\/#breadcrumb\",\"itemListElement\":[{\"@type\":\"ListItem\",\"position\":1,\"name\":\"Accueil\",\"item\":\"https:\\\/\\\/arteliagroup.ca\\\/fr\\\/\"},{\"@type\":\"ListItem\",\"position\":2,\"name\":\"R\u00e9am\u00e9nagement du chemin Remembrance\"}]},{\"@type\":\"WebSite\",\"@id\":\"https:\\\/\\\/arteliagroup.ca\\\/fr\\\/#website\",\"url\":\"https:\\\/\\\/arteliagroup.ca\\\/fr\\\/\",\"name\":\"Artelia\",\"description\":\"CR\u00c9ER DES SOLUTIONS POUR UNE VIE POSITIVE\",\"publisher\":{\"@id\":\"https:\\\/\\\/arteliagroup.ca\\\/fr\\\/#organization\"},\"alternateName\":\"Artelia Canada\",\"potentialAction\":[{\"@type\":\"SearchAction\",\"target\":{\"@type\":\"EntryPoint\",\"urlTemplate\":\"https:\\\/\\\/arteliagroup.ca\\\/fr\\\/?s={search_term_string}\"},\"query-input\":{\"@type\":\"PropertyValueSpecification\",\"valueRequired\":true,\"valueName\":\"search_term_string\"}}],\"inLanguage\":\"fr-FR\"},{\"@type\":\"Organization\",\"@id\":\"https:\\\/\\\/arteliagroup.ca\\\/fr\\\/#organization\",\"name\":\"Artelia\",\"alternateName\":\"Artelia Canada\",\"url\":\"https:\\\/\\\/arteliagroup.ca\\\/fr\\\/\",\"logo\":{\"@type\":\"ImageObject\",\"inLanguage\":\"fr-FR\",\"@id\":\"https:\\\/\\\/arteliagroup.ca\\\/fr\\\/#\\\/schema\\\/logo\\\/image\\\/\",\"url\":\"https:\\\/\\\/arteliagroup.ca\\\/wp-content\\\/uploads\\\/2024\\\/07\\\/ARTELIA_couleur_WEB.svg\",\"contentUrl\":\"https:\\\/\\\/arteliagroup.ca\\\/wp-content\\\/uploads\\\/2024\\\/07\\\/ARTELIA_couleur_WEB.svg\",\"width\":300,\"height\":91,\"caption\":\"Artelia\"},\"image\":{\"@id\":\"https:\\\/\\\/arteliagroup.ca\\\/fr\\\/#\\\/schema\\\/logo\\\/image\\\/\"},\"sameAs\":[\"https:\\\/\\\/www.linkedin.com\\\/company\\\/artelia-canada\\\/\"]}]}<\/script>\n<!-- \/ Yoast SEO plugin. -->","yoast_head_json":{"title":"R\u00e9am\u00e9nagement du chemin Remembrance - Artelia","description":"Notre \u00e9quipe multidisciplinaire a particip\u00e9 \u00e0 chaque \u00e9tape de conception et de r\u00e9alisation pour ce r\u00e9am\u00e9nagement.","robots":{"index":"index","follow":"follow","max-snippet":"max-snippet:-1","max-image-preview":"max-image-preview:large","max-video-preview":"max-video-preview:-1"},"canonical":"https:\/\/arteliagroup.ca\/fr\/projets\/reamenagement-du-chemin-remembrance\/","og_locale":"fr_CA","og_type":"article","og_title":"R\u00e9am\u00e9nagement du chemin Remembrance - Artelia","og_description":"Notre \u00e9quipe multidisciplinaire a particip\u00e9 \u00e0 chaque \u00e9tape de conception et de r\u00e9alisation pour ce r\u00e9am\u00e9nagement.","og_url":"https:\/\/arteliagroup.ca\/fr\/projets\/reamenagement-du-chemin-remembrance\/","og_site_name":"Artelia","article_publisher":"https:\/\/www.linkedin.com\/company\/artelia-canada\/","article_modified_time":"2026-02-04T19:46:39+00:00","og_image":[{"width":400,"height":400,"url":"https:\/\/arteliagroup.ca\/wp-content\/uploads\/2024\/10\/Reamenagement-du-chemin-Remembrance_v-1.webp","type":"image\/webp"}],"twitter_card":"summary_large_image","twitter_misc":{"Estimation du temps de lecture":"3 minutes"},"schema":{"@context":"https:\/\/schema.org","@graph":[{"@type":"WebPage","@id":"https:\/\/arteliagroup.ca\/fr\/projets\/reamenagement-du-chemin-remembrance\/","url":"https:\/\/arteliagroup.ca\/fr\/projets\/reamenagement-du-chemin-remembrance\/","name":"R\u00e9am\u00e9nagement du chemin Remembrance - Artelia","isPartOf":{"@id":"https:\/\/arteliagroup.ca\/fr\/#website"},"primaryImageOfPage":{"@id":"https:\/\/arteliagroup.ca\/fr\/projets\/reamenagement-du-chemin-remembrance\/#primaryimage"},"image":{"@id":"https:\/\/arteliagroup.ca\/fr\/projets\/reamenagement-du-chemin-remembrance\/#primaryimage"},"thumbnailUrl":"https:\/\/arteliagroup.ca\/wp-content\/uploads\/2024\/10\/Reamenagement-du-chemin-Remembrance_v-1.webp","datePublished":"2024-10-23T19:00:52+00:00","dateModified":"2026-02-04T19:46:39+00:00","description":"Notre \u00e9quipe multidisciplinaire a particip\u00e9 \u00e0 chaque \u00e9tape de conception et de r\u00e9alisation pour ce r\u00e9am\u00e9nagement.","breadcrumb":{"@id":"https:\/\/arteliagroup.ca\/fr\/projets\/reamenagement-du-chemin-remembrance\/#breadcrumb"},"inLanguage":"fr-FR","potentialAction":[{"@type":"ReadAction","target":["https:\/\/arteliagroup.ca\/fr\/projets\/reamenagement-du-chemin-remembrance\/"]}]},{"@type":"ImageObject","inLanguage":"fr-FR","@id":"https:\/\/arteliagroup.ca\/fr\/projets\/reamenagement-du-chemin-remembrance\/#primaryimage","url":"https:\/\/arteliagroup.ca\/wp-content\/uploads\/2024\/10\/Reamenagement-du-chemin-Remembrance_v-1.webp","contentUrl":"https:\/\/arteliagroup.ca\/wp-content\/uploads\/2024\/10\/Reamenagement-du-chemin-Remembrance_v-1.webp","width":400,"height":400,"caption":"Notre \u00e9quipe multidisciplinaire a particip\u00e9 \u00e0 chaque \u00e9tape de conception et de r\u00e9alisation pour ce r\u00e9am\u00e9nagement."},{"@type":"BreadcrumbList","@id":"https:\/\/arteliagroup.ca\/fr\/projets\/reamenagement-du-chemin-remembrance\/#breadcrumb","itemListElement":[{"@type":"ListItem","position":1,"name":"Accueil","item":"https:\/\/arteliagroup.ca\/fr\/"},{"@type":"ListItem","position":2,"name":"R\u00e9am\u00e9nagement du chemin Remembrance"}]},{"@type":"WebSite","@id":"https:\/\/arteliagroup.ca\/fr\/#website","url":"https:\/\/arteliagroup.ca\/fr\/","name":"Artelia","description":"CR\u00c9ER DES SOLUTIONS POUR UNE VIE POSITIVE","publisher":{"@id":"https:\/\/arteliagroup.ca\/fr\/#organization"},"alternateName":"Artelia Canada","potentialAction":[{"@type":"SearchAction","target":{"@type":"EntryPoint","urlTemplate":"https:\/\/arteliagroup.ca\/fr\/?s={search_term_string}"},"query-input":{"@type":"PropertyValueSpecification","valueRequired":true,"valueName":"search_term_string"}}],"inLanguage":"fr-FR"},{"@type":"Organization","@id":"https:\/\/arteliagroup.ca\/fr\/#organization","name":"Artelia","alternateName":"Artelia Canada","url":"https:\/\/arteliagroup.ca\/fr\/","logo":{"@type":"ImageObject","inLanguage":"fr-FR","@id":"https:\/\/arteliagroup.ca\/fr\/#\/schema\/logo\/image\/","url":"https:\/\/arteliagroup.ca\/wp-content\/uploads\/2024\/07\/ARTELIA_couleur_WEB.svg","contentUrl":"https:\/\/arteliagroup.ca\/wp-content\/uploads\/2024\/07\/ARTELIA_couleur_WEB.svg","width":300,"height":91,"caption":"Artelia"},"image":{"@id":"https:\/\/arteliagroup.ca\/fr\/#\/schema\/logo\/image\/"},"sameAs":["https:\/\/www.linkedin.com\/company\/artelia-canada\/"]}]}},"_links":{"self":[{"href":"https:\/\/arteliagroup.ca\/fr\/wp-json\/wp\/v2\/projets\/11224","targetHints":{"allow":["GET"]}}],"collection":[{"href":"https:\/\/arteliagroup.ca\/fr\/wp-json\/wp\/v2\/projets"}],"about":[{"href":"https:\/\/arteliagroup.ca\/fr\/wp-json\/wp\/v2\/types\/projets"}],"version-history":[{"count":12,"href":"https:\/\/arteliagroup.ca\/fr\/wp-json\/wp\/v2\/projets\/11224\/revisions"}],"predecessor-version":[{"id":34606,"href":"https:\/\/arteliagroup.ca\/fr\/wp-json\/wp\/v2\/projets\/11224\/revisions\/34606"}],"acf:attachment":[{"embeddable":true,"href":"https:\/\/arteliagroup.ca\/fr\/wp-json\/wp\/v2\/media\/11718"},{"embeddable":true,"href":"https:\/\/arteliagroup.ca\/fr\/wp-json\/wp\/v2\/media\/11716"},{"embeddable":true,"href":"https:\/\/arteliagroup.ca\/fr\/wp-json\/wp\/v2\/media\/11714"},{"embeddable":true,"href":"https:\/\/arteliagroup.ca\/fr\/wp-json\/wp\/v2\/media\/11712"},{"embeddable":true,"href":"https:\/\/arteliagroup.ca\/fr\/wp-json\/wp\/v2\/media\/11710"}],"wp:featuredmedia":[{"embeddable":true,"href":"https:\/\/arteliagroup.ca\/fr\/wp-json\/wp\/v2\/media\/11724"}],"wp:attachment":[{"href":"https:\/\/arteliagroup.ca\/fr\/wp-json\/wp\/v2\/media?parent=11224"}],"wp:term":[{"taxonomy":"domaines","embeddable":true,"href":"https:\/\/arteliagroup.ca\/fr\/wp-json\/wp\/v2\/domaines?post=11224"},{"taxonomy":"domaine-activite","embeddable":true,"href":"https:\/\/arteliagroup.ca\/fr\/wp-json\/wp\/v2\/domaine-activite?post=11224"},{"taxonomy":"enjeux","embeddable":true,"href":"https:\/\/arteliagroup.ca\/fr\/wp-json\/wp\/v2\/enjeux?post=11224"},{"taxonomy":"galerie","embeddable":true,"href":"https:\/\/arteliagroup.ca\/fr\/wp-json\/wp\/v2\/galerie?post=11224"},{"taxonomy":"pays","embeddable":true,"href":"https:\/\/arteliagroup.ca\/fr\/wp-json\/wp\/v2\/pays?post=11224"}],"curies":[{"name":"wp","href":"https:\/\/api.w.org\/{rel}","templated":true}]}}