{"id":11938,"date":"2024-10-28T11:31:36","date_gmt":"2024-10-28T15:31:36","guid":{"rendered":"https:\/\/arteliagroup.ca\/?post_type=projets&#038;p=11938"},"modified":"2026-02-04T14:34:58","modified_gmt":"2026-02-04T19:34:58","slug":"prolongement-de-la-route-138-basse-cote-nord","status":"publish","type":"projets","link":"https:\/\/arteliagroup.ca\/fr\/projets\/prolongement-de-la-route-138-basse-cote-nord\/","title":{"rendered":"Prolongement de la route 138 &#8211; Basse-C\u00f4te-Nord"},"content":{"rendered":"","protected":false},"excerpt":{"rendered":"<p>Artelia, en collaboration avec ses partenaires, a \u00e9t\u00e9 mandat\u00e9e pour la conception compl\u00e8te de cette section strat\u00e9gique. <\/p>\n","protected":false},"featured_media":11742,"template":"","format":"standard","meta":{"_acf_changed":false},"domaines":[65,67,64],"domaine-activite":[325,118,111,115,114,119,142,130,144],"enjeux":[72,70],"galerie":[],"pays":[385],"class_list":["post-11938","projets","type-projets","status-publish","format-standard","has-post-thumbnail","hentry","domaines-eau","domaines-environnement-et-sciences-de-la-terre","domaines-mobilite","domaine-activite-arpentage-et-acquisition-de-donnees","domaine-activite-autorisations-et-etude-des-impacts-environnementaux","domaine-activite-diligence-environnementale-et-gestion-de-la-conformite","domaine-activite-geotechnique","domaine-activite-ingenierie-des-materiaux","domaine-activite-milieu-naturel-et-gestion-des-ecosystemes","domaine-activite-ponts-et-ouvrages-dart","domaine-activite-protection-des-rives-et-des-berges","domaine-activite-routier","enjeux-economie-des-ressources","enjeux-resilience-climatique-et-biodiversite","pays-canada"],"acf":{"Citation":"Un projet essentiel pour d\u00e9senclaver la Basse-C\u00f4te-Nord, alliant ing\u00e9nierie de pointe, respect de l'environnement et infrastructures durables.","head_projet":11954,"projet_phare":11740,"prix":null,"copyright":"","description_projets":"Le prolongement de la route 138 entre La Tabati\u00e8re et T\u00eate-\u00e0-la-Baleine, sur une distance de 30 km, marque une \u00e9tape d\u00e9terminante dans l\u2019ouverture des villages isol\u00e9s de la Basse-C\u00f4te-Nord. Ce projet, parmi les derniers grands d\u00e9veloppements d\u2019infrastructures routi\u00e8res au Qu\u00e9bec, constitue un bond en avant pour le d\u00e9senclavement et le d\u00e9veloppement local de la r\u00e9gion.\r\n\r\nCe projet ambitieux inclut la construction d\u2019un pont de 143 m\u00e8tres sur le lac du Gros Mecatina et 16 ponceaux, tout en traversant des milieux naturels encore pr\u00e9serv\u00e9s. Con\u00e7u pour r\u00e9pondre \u00e0 des exigences de s\u00e9curit\u00e9 \u00e9lev\u00e9es, le tron\u00e7on s\u2019adapte \u00e0 la pr\u00e9sence de nombreux cours d\u2019eau, tourbi\u00e8res et zones humides, tout en maintenant l\u2019int\u00e9grit\u00e9 environnementale du secteur.\r\n\r\nArtelia, en partenariat avec ses collaborateurs, a \u00e9t\u00e9 mandat\u00e9e pour la conception compl\u00e8te de cette section strat\u00e9gique. Nos services incluent les \u00e9tudes pr\u00e9liminaires, la conception d\u00e9taill\u00e9e des plans et devis, l\u2019int\u00e9gration de mesures environnementales rigoureuses, ainsi que l\u2019assistance technique durant la construction. Nous concevons une chauss\u00e9e bidirectionnelle en mat\u00e9riaux granulaires et des ponceaux sur des sols coh\u00e9rents. La stabilit\u00e9 des remblais routiers et des ponceaux sur tourbi\u00e8res est assur\u00e9e par des bermes de confortement, avec des ouvrages temporaires pour acc\u00e9l\u00e9rer les tassements. Face aux d\u00e9fis propres \u00e0 cette r\u00e9gion \u00e9loign\u00e9e, nous avons assur\u00e9 l\u2019autosuffisance en mat\u00e9riaux et la continuit\u00e9 de la Route Blanche, essentielle pour la mobilit\u00e9 des r\u00e9sidents.\r\n\r\nCe projet n\u2019est pas seulement une route, c\u2019est un lien vital qui connecte les communaut\u00e9s et soutient le d\u00e9veloppement durable de la Basse-C\u00f4te-Nord. Gr\u00e2ce \u00e0 notre expertise et \u00e0 notre engagement, nous contribuons \u00e0 un avenir plus connect\u00e9 et prosp\u00e8re pour la r\u00e9gion.","Client":"Minist\u00e8re des Transports et de la Mobilit\u00e9 durable","Lieu":"Basse-C\u00f4te-Nord","villes":"","gallery":[11726,11728,11730,11732,11734,11736],"domaines_dactivite":"<a href=\"https:\/\/arteliagroup.ca\/fr\/nos-domaines\/mobilite\/arpentage-et-acquisition-de-donnees\/\">Arpentage et acquisition de donn\u00e9es<\/a>\r\n\r\n<a href=\"https:\/\/arteliagroup.ca\/fr\/nos-domaines\/environnement-et-sciences-de-la-terre\/autorisations-environnementales-et-etude-des-impacts-environnementaux\/\">Autorisations environnementales et \u00e9tude des impacts<\/a>\r\n\r\n<a href=\"https:\/\/arteliagroup.ca\/fr\/nos-domaines\/environnement-et-sciences-de-la-terre\/geotechnique\/\">G\u00e9otechnique<\/a>\r\n\r\n<a href=\"https:\/\/arteliagroup.ca\/fr\/nos-domaines\/environnement-et-sciences-de-la-terre\/ingenierie-des-materiaux\/\">Ing\u00e9nierie des mat\u00e9riaux<\/a>\r\n\r\n<a href=\"https:\/\/arteliagroup.ca\/fr\/nos-domaines\/environnement-et-sciences-de-la-terre\/milieu-naturel-et-gestion-des-ecosystemes-naturels\/\">Milieu naturel et gestion des \u00e9cosyst\u00e8mes naturels<\/a>\r\n\r\n<a href=\"https:\/\/arteliagroup.ca\/fr\/nos-domaines\/mobilite\/ponts-et-ouvrages-dart\/\">Ponts et ouvrages d\u2019art<\/a>\r\n\r\n<a href=\"https:\/\/arteliagroup.ca\/fr\/nos-domaines\/eau\/protection-des-rives-et-des-berges\/\">Protection des rives et des berges<\/a>\r\n\r\n<a href=\"https:\/\/arteliagroup.ca\/fr\/nos-domaines\/mobilite\/routier\/\">Routier<\/a>"},"yoast_head":"<!-- This site is optimized with the Yoast SEO plugin v27.4 - https:\/\/yoast.com\/product\/yoast-seo-wordpress\/ -->\n<title>Prolongement de la route 138 - Basse-C\u00f4te-Nord - Artelia<\/title>\n<meta name=\"description\" content=\"Artelia, en collaboration avec ses partenaires, a \u00e9t\u00e9 mandat\u00e9e pour la conception compl\u00e8te de cette section strat\u00e9gique.\" \/>\n<meta name=\"robots\" content=\"index, follow, max-snippet:-1, max-image-preview:large, max-video-preview:-1\" \/>\n<link rel=\"canonical\" href=\"https:\/\/arteliagroup.ca\/fr\/projets\/prolongement-de-la-route-138-basse-cote-nord\/\" \/>\n<meta property=\"og:locale\" content=\"fr_CA\" \/>\n<meta property=\"og:type\" content=\"article\" \/>\n<meta property=\"og:title\" content=\"Prolongement de la route 138 - Basse-C\u00f4te-Nord - Artelia\" \/>\n<meta property=\"og:description\" content=\"Artelia, en collaboration avec ses partenaires, a \u00e9t\u00e9 mandat\u00e9e pour la conception compl\u00e8te de cette section strat\u00e9gique.\" \/>\n<meta property=\"og:url\" content=\"https:\/\/arteliagroup.ca\/fr\/projets\/prolongement-de-la-route-138-basse-cote-nord\/\" \/>\n<meta property=\"og:site_name\" content=\"Artelia\" \/>\n<meta property=\"article:publisher\" content=\"https:\/\/www.linkedin.com\/company\/artelia-canada\/\" \/>\n<meta property=\"article:modified_time\" content=\"2026-02-04T19:34:58+00:00\" \/>\n<meta property=\"og:image\" content=\"https:\/\/arteliagroup.ca\/wp-content\/uploads\/2024\/10\/Prolongement-de-la-route-138-Basse-Cote-Nord_v2.webp\" \/>\n\t<meta property=\"og:image:width\" content=\"400\" \/>\n\t<meta property=\"og:image:height\" content=\"400\" \/>\n\t<meta property=\"og:image:type\" content=\"image\/webp\" \/>\n<meta name=\"twitter:card\" content=\"summary_large_image\" \/>\n<meta name=\"twitter:label1\" content=\"Estimation du temps de lecture\" \/>\n\t<meta name=\"twitter:data1\" content=\"4 minutes\" \/>\n<script type=\"application\/ld+json\" class=\"yoast-schema-graph\">{\"@context\":\"https:\\\/\\\/schema.org\",\"@graph\":[{\"@type\":\"WebPage\",\"@id\":\"https:\\\/\\\/arteliagroup.ca\\\/fr\\\/projets\\\/prolongement-de-la-route-138-basse-cote-nord\\\/\",\"url\":\"https:\\\/\\\/arteliagroup.ca\\\/fr\\\/projets\\\/prolongement-de-la-route-138-basse-cote-nord\\\/\",\"name\":\"Prolongement de la route 138 - Basse-C\u00f4te-Nord - Artelia\",\"isPartOf\":{\"@id\":\"https:\\\/\\\/arteliagroup.ca\\\/fr\\\/#website\"},\"primaryImageOfPage\":{\"@id\":\"https:\\\/\\\/arteliagroup.ca\\\/fr\\\/projets\\\/prolongement-de-la-route-138-basse-cote-nord\\\/#primaryimage\"},\"image\":{\"@id\":\"https:\\\/\\\/arteliagroup.ca\\\/fr\\\/projets\\\/prolongement-de-la-route-138-basse-cote-nord\\\/#primaryimage\"},\"thumbnailUrl\":\"https:\\\/\\\/arteliagroup.ca\\\/wp-content\\\/uploads\\\/2024\\\/10\\\/Prolongement-de-la-route-138-Basse-Cote-Nord_v2.webp\",\"datePublished\":\"2024-10-28T15:31:36+00:00\",\"dateModified\":\"2026-02-04T19:34:58+00:00\",\"description\":\"Artelia, en collaboration avec ses partenaires, a \u00e9t\u00e9 mandat\u00e9e pour la conception compl\u00e8te de cette section strat\u00e9gique.\",\"breadcrumb\":{\"@id\":\"https:\\\/\\\/arteliagroup.ca\\\/fr\\\/projets\\\/prolongement-de-la-route-138-basse-cote-nord\\\/#breadcrumb\"},\"inLanguage\":\"fr-FR\",\"potentialAction\":[{\"@type\":\"ReadAction\",\"target\":[\"https:\\\/\\\/arteliagroup.ca\\\/fr\\\/projets\\\/prolongement-de-la-route-138-basse-cote-nord\\\/\"]}]},{\"@type\":\"ImageObject\",\"inLanguage\":\"fr-FR\",\"@id\":\"https:\\\/\\\/arteliagroup.ca\\\/fr\\\/projets\\\/prolongement-de-la-route-138-basse-cote-nord\\\/#primaryimage\",\"url\":\"https:\\\/\\\/arteliagroup.ca\\\/wp-content\\\/uploads\\\/2024\\\/10\\\/Prolongement-de-la-route-138-Basse-Cote-Nord_v2.webp\",\"contentUrl\":\"https:\\\/\\\/arteliagroup.ca\\\/wp-content\\\/uploads\\\/2024\\\/10\\\/Prolongement-de-la-route-138-Basse-Cote-Nord_v2.webp\",\"width\":400,\"height\":400,\"caption\":\"Artelia, en collaboration avec ses partenaires, a \u00e9t\u00e9 mandat\u00e9 pour la conception compl\u00e8te de cette section strat\u00e9gique.\"},{\"@type\":\"BreadcrumbList\",\"@id\":\"https:\\\/\\\/arteliagroup.ca\\\/fr\\\/projets\\\/prolongement-de-la-route-138-basse-cote-nord\\\/#breadcrumb\",\"itemListElement\":[{\"@type\":\"ListItem\",\"position\":1,\"name\":\"Accueil\",\"item\":\"https:\\\/\\\/arteliagroup.ca\\\/fr\\\/\"},{\"@type\":\"ListItem\",\"position\":2,\"name\":\"Prolongement de la route 138 &#8211; Basse-C\u00f4te-Nord\"}]},{\"@type\":\"WebSite\",\"@id\":\"https:\\\/\\\/arteliagroup.ca\\\/fr\\\/#website\",\"url\":\"https:\\\/\\\/arteliagroup.ca\\\/fr\\\/\",\"name\":\"Artelia\",\"description\":\"CR\u00c9ER DES SOLUTIONS POUR UNE VIE POSITIVE\",\"publisher\":{\"@id\":\"https:\\\/\\\/arteliagroup.ca\\\/fr\\\/#organization\"},\"alternateName\":\"Artelia Canada\",\"potentialAction\":[{\"@type\":\"SearchAction\",\"target\":{\"@type\":\"EntryPoint\",\"urlTemplate\":\"https:\\\/\\\/arteliagroup.ca\\\/fr\\\/?s={search_term_string}\"},\"query-input\":{\"@type\":\"PropertyValueSpecification\",\"valueRequired\":true,\"valueName\":\"search_term_string\"}}],\"inLanguage\":\"fr-FR\"},{\"@type\":\"Organization\",\"@id\":\"https:\\\/\\\/arteliagroup.ca\\\/fr\\\/#organization\",\"name\":\"Artelia\",\"alternateName\":\"Artelia Canada\",\"url\":\"https:\\\/\\\/arteliagroup.ca\\\/fr\\\/\",\"logo\":{\"@type\":\"ImageObject\",\"inLanguage\":\"fr-FR\",\"@id\":\"https:\\\/\\\/arteliagroup.ca\\\/fr\\\/#\\\/schema\\\/logo\\\/image\\\/\",\"url\":\"https:\\\/\\\/arteliagroup.ca\\\/wp-content\\\/uploads\\\/2024\\\/07\\\/ARTELIA_couleur_WEB.svg\",\"contentUrl\":\"https:\\\/\\\/arteliagroup.ca\\\/wp-content\\\/uploads\\\/2024\\\/07\\\/ARTELIA_couleur_WEB.svg\",\"width\":300,\"height\":91,\"caption\":\"Artelia\"},\"image\":{\"@id\":\"https:\\\/\\\/arteliagroup.ca\\\/fr\\\/#\\\/schema\\\/logo\\\/image\\\/\"},\"sameAs\":[\"https:\\\/\\\/www.linkedin.com\\\/company\\\/artelia-canada\\\/\"]}]}<\/script>\n<!-- \/ Yoast SEO plugin. -->","yoast_head_json":{"title":"Prolongement de la route 138 - Basse-C\u00f4te-Nord - Artelia","description":"Artelia, en collaboration avec ses partenaires, a \u00e9t\u00e9 mandat\u00e9e pour la conception compl\u00e8te de cette section strat\u00e9gique.","robots":{"index":"index","follow":"follow","max-snippet":"max-snippet:-1","max-image-preview":"max-image-preview:large","max-video-preview":"max-video-preview:-1"},"canonical":"https:\/\/arteliagroup.ca\/fr\/projets\/prolongement-de-la-route-138-basse-cote-nord\/","og_locale":"fr_CA","og_type":"article","og_title":"Prolongement de la route 138 - Basse-C\u00f4te-Nord - Artelia","og_description":"Artelia, en collaboration avec ses partenaires, a \u00e9t\u00e9 mandat\u00e9e pour la conception compl\u00e8te de cette section strat\u00e9gique.","og_url":"https:\/\/arteliagroup.ca\/fr\/projets\/prolongement-de-la-route-138-basse-cote-nord\/","og_site_name":"Artelia","article_publisher":"https:\/\/www.linkedin.com\/company\/artelia-canada\/","article_modified_time":"2026-02-04T19:34:58+00:00","og_image":[{"width":400,"height":400,"url":"https:\/\/arteliagroup.ca\/wp-content\/uploads\/2024\/10\/Prolongement-de-la-route-138-Basse-Cote-Nord_v2.webp","type":"image\/webp"}],"twitter_card":"summary_large_image","twitter_misc":{"Estimation du temps de lecture":"4 minutes"},"schema":{"@context":"https:\/\/schema.org","@graph":[{"@type":"WebPage","@id":"https:\/\/arteliagroup.ca\/fr\/projets\/prolongement-de-la-route-138-basse-cote-nord\/","url":"https:\/\/arteliagroup.ca\/fr\/projets\/prolongement-de-la-route-138-basse-cote-nord\/","name":"Prolongement de la route 138 - Basse-C\u00f4te-Nord - Artelia","isPartOf":{"@id":"https:\/\/arteliagroup.ca\/fr\/#website"},"primaryImageOfPage":{"@id":"https:\/\/arteliagroup.ca\/fr\/projets\/prolongement-de-la-route-138-basse-cote-nord\/#primaryimage"},"image":{"@id":"https:\/\/arteliagroup.ca\/fr\/projets\/prolongement-de-la-route-138-basse-cote-nord\/#primaryimage"},"thumbnailUrl":"https:\/\/arteliagroup.ca\/wp-content\/uploads\/2024\/10\/Prolongement-de-la-route-138-Basse-Cote-Nord_v2.webp","datePublished":"2024-10-28T15:31:36+00:00","dateModified":"2026-02-04T19:34:58+00:00","description":"Artelia, en collaboration avec ses partenaires, a \u00e9t\u00e9 mandat\u00e9e pour la conception compl\u00e8te de cette section strat\u00e9gique.","breadcrumb":{"@id":"https:\/\/arteliagroup.ca\/fr\/projets\/prolongement-de-la-route-138-basse-cote-nord\/#breadcrumb"},"inLanguage":"fr-FR","potentialAction":[{"@type":"ReadAction","target":["https:\/\/arteliagroup.ca\/fr\/projets\/prolongement-de-la-route-138-basse-cote-nord\/"]}]},{"@type":"ImageObject","inLanguage":"fr-FR","@id":"https:\/\/arteliagroup.ca\/fr\/projets\/prolongement-de-la-route-138-basse-cote-nord\/#primaryimage","url":"https:\/\/arteliagroup.ca\/wp-content\/uploads\/2024\/10\/Prolongement-de-la-route-138-Basse-Cote-Nord_v2.webp","contentUrl":"https:\/\/arteliagroup.ca\/wp-content\/uploads\/2024\/10\/Prolongement-de-la-route-138-Basse-Cote-Nord_v2.webp","width":400,"height":400,"caption":"Artelia, en collaboration avec ses partenaires, a \u00e9t\u00e9 mandat\u00e9 pour la conception compl\u00e8te de cette section strat\u00e9gique."},{"@type":"BreadcrumbList","@id":"https:\/\/arteliagroup.ca\/fr\/projets\/prolongement-de-la-route-138-basse-cote-nord\/#breadcrumb","itemListElement":[{"@type":"ListItem","position":1,"name":"Accueil","item":"https:\/\/arteliagroup.ca\/fr\/"},{"@type":"ListItem","position":2,"name":"Prolongement de la route 138 &#8211; Basse-C\u00f4te-Nord"}]},{"@type":"WebSite","@id":"https:\/\/arteliagroup.ca\/fr\/#website","url":"https:\/\/arteliagroup.ca\/fr\/","name":"Artelia","description":"CR\u00c9ER DES SOLUTIONS POUR UNE VIE POSITIVE","publisher":{"@id":"https:\/\/arteliagroup.ca\/fr\/#organization"},"alternateName":"Artelia Canada","potentialAction":[{"@type":"SearchAction","target":{"@type":"EntryPoint","urlTemplate":"https:\/\/arteliagroup.ca\/fr\/?s={search_term_string}"},"query-input":{"@type":"PropertyValueSpecification","valueRequired":true,"valueName":"search_term_string"}}],"inLanguage":"fr-FR"},{"@type":"Organization","@id":"https:\/\/arteliagroup.ca\/fr\/#organization","name":"Artelia","alternateName":"Artelia Canada","url":"https:\/\/arteliagroup.ca\/fr\/","logo":{"@type":"ImageObject","inLanguage":"fr-FR","@id":"https:\/\/arteliagroup.ca\/fr\/#\/schema\/logo\/image\/","url":"https:\/\/arteliagroup.ca\/wp-content\/uploads\/2024\/07\/ARTELIA_couleur_WEB.svg","contentUrl":"https:\/\/arteliagroup.ca\/wp-content\/uploads\/2024\/07\/ARTELIA_couleur_WEB.svg","width":300,"height":91,"caption":"Artelia"},"image":{"@id":"https:\/\/arteliagroup.ca\/fr\/#\/schema\/logo\/image\/"},"sameAs":["https:\/\/www.linkedin.com\/company\/artelia-canada\/"]}]}},"_links":{"self":[{"href":"https:\/\/arteliagroup.ca\/fr\/wp-json\/wp\/v2\/projets\/11938","targetHints":{"allow":["GET"]}}],"collection":[{"href":"https:\/\/arteliagroup.ca\/fr\/wp-json\/wp\/v2\/projets"}],"about":[{"href":"https:\/\/arteliagroup.ca\/fr\/wp-json\/wp\/v2\/types\/projets"}],"version-history":[{"count":7,"href":"https:\/\/arteliagroup.ca\/fr\/wp-json\/wp\/v2\/projets\/11938\/revisions"}],"predecessor-version":[{"id":34604,"href":"https:\/\/arteliagroup.ca\/fr\/wp-json\/wp\/v2\/projets\/11938\/revisions\/34604"}],"acf:attachment":[{"embeddable":true,"href":"https:\/\/arteliagroup.ca\/fr\/wp-json\/wp\/v2\/media\/11736"},{"embeddable":true,"href":"https:\/\/arteliagroup.ca\/fr\/wp-json\/wp\/v2\/media\/11734"},{"embeddable":true,"href":"https:\/\/arteliagroup.ca\/fr\/wp-json\/wp\/v2\/media\/11732"},{"embeddable":true,"href":"https:\/\/arteliagroup.ca\/fr\/wp-json\/wp\/v2\/media\/11730"},{"embeddable":true,"href":"https:\/\/arteliagroup.ca\/fr\/wp-json\/wp\/v2\/media\/11728"},{"embeddable":true,"href":"https:\/\/arteliagroup.ca\/fr\/wp-json\/wp\/v2\/media\/11726"}],"wp:featuredmedia":[{"embeddable":true,"href":"https:\/\/arteliagroup.ca\/fr\/wp-json\/wp\/v2\/media\/11742"}],"wp:attachment":[{"href":"https:\/\/arteliagroup.ca\/fr\/wp-json\/wp\/v2\/media?parent=11938"}],"wp:term":[{"taxonomy":"domaines","embeddable":true,"href":"https:\/\/arteliagroup.ca\/fr\/wp-json\/wp\/v2\/domaines?post=11938"},{"taxonomy":"domaine-activite","embeddable":true,"href":"https:\/\/arteliagroup.ca\/fr\/wp-json\/wp\/v2\/domaine-activite?post=11938"},{"taxonomy":"enjeux","embeddable":true,"href":"https:\/\/arteliagroup.ca\/fr\/wp-json\/wp\/v2\/enjeux?post=11938"},{"taxonomy":"galerie","embeddable":true,"href":"https:\/\/arteliagroup.ca\/fr\/wp-json\/wp\/v2\/galerie?post=11938"},{"taxonomy":"pays","embeddable":true,"href":"https:\/\/arteliagroup.ca\/fr\/wp-json\/wp\/v2\/pays?post=11938"}],"curies":[{"name":"wp","href":"https:\/\/api.w.org\/{rel}","templated":true}]}}