{"id":12172,"date":"2024-10-28T15:14:45","date_gmt":"2024-10-28T19:14:45","guid":{"rendered":"https:\/\/arteliagroup.ca\/?post_type=projets&#038;p=12172"},"modified":"2026-02-04T09:36:34","modified_gmt":"2026-02-04T14:36:34","slug":"refection-majeure-des-tunnels-ville-marie-et-viger-montreal","status":"publish","type":"projets","link":"https:\/\/arteliagroup.ca\/fr\/projets\/refection-majeure-des-tunnels-ville-marie-et-viger-montreal\/","title":{"rendered":"R\u00e9fection majeure des tunnels Ville-Marie et Viger"},"content":{"rendered":"","protected":false},"excerpt":{"rendered":"<p>Le projet de r\u00e9fection majeure des tunnels Ville-Marie et Viger, situ\u00e9s sous l\u2019autoroute 720 au centre-ville de Montr\u00e9al, vise \u00e0 moderniser et s\u00e9curiser ces infrastructures essentielles.<\/p>\n","protected":false},"featured_media":11997,"template":"","format":"standard","meta":{"_acf_changed":false},"domaines":[64],"domaine-activite":[325,139,142,144],"enjeux":[75],"galerie":[198],"pays":[385],"class_list":["post-12172","projets","type-projets","status-publish","format-standard","has-post-thumbnail","hentry","domaines-mobilite","domaine-activite-arpentage-et-acquisition-de-donnees","domaine-activite-gestion-de-la-circulation","domaine-activite-ponts-et-ouvrages-dart","domaine-activite-routier","enjeux-mieux-vivre-en-ville","galerie-no","pays-canada"],"acf":{"Citation":"Modernisation des tunnels n\u00e9vralgiques de Montr\u00e9al, visant \u00e0 assurer s\u00e9curit\u00e9, fluidit\u00e9 de circulation et durabilit\u00e9 au c\u0153ur de la m\u00e9tropole.","head_projet":11993,"projet_phare":11995,"prix":null,"copyright":"","description_projets":"Le projet de r\u00e9fection majeure des tunnels Ville-Marie et Viger, situ\u00e9s sous l\u2019autoroute 720 au centre-ville de Montr\u00e9al, vise \u00e0 moderniser et s\u00e9curiser ces infrastructures essentielles pour assurer une mobilit\u00e9 fluide des personnes et des marchandises pour les 40 prochaines ann\u00e9es. En plus de r\u00e9habiliter les vo\u00fbtes, murs, syst\u00e8mes de drainage et d\u2019\u00e9clairage, cette initiative s'\u00e9tend \u00e0 la mise aux normes des syst\u00e8mes de s\u00e9curit\u00e9, la r\u00e9fection des ponts d\u2019\u00e9tagement, et l\u2019optimisation des tours de ventilation. Le d\u00e9fi r\u00e9side dans la complexit\u00e9 des travaux, qui doivent \u00eatre men\u00e9s tout en maintenant le tunnel op\u00e9rationnel, dans un contexte urbain dense et aux structures vieillissantes.\r\n\r\nMandat\u00e9 en consortium, l\u2019\u00e9quipe d\u2019Artelia assure la surveillance de plusieurs lots de construction, incluant la r\u00e9fection des voies, la reconstruction des viaducs Saint-Laurent et Saint-Urbain, ainsi que la modernisation des syst\u00e8mes de ventilation et d\u2019\u00e9lectricit\u00e9. Ce projet, qui s\u2019\u00e9tend sur une d\u00e9cennie, requiert une coordination constante avec le Centre int\u00e9gr\u00e9 de gestion de la circulation (CIGC) et les nombreux intervenants afin de minimiser les interruptions et garantir la s\u00e9curit\u00e9 des usagers et des travailleurs. Gr\u00e2ce \u00e0 notre expertise, nous sommes ne mesure de r\u00e9pondre aux nombreux d\u00e9fis techniques et logistiques d\u2019un chantier de cette envergure.","Client":"Minist\u00e8re des Transports du Qu\u00e9bec (MTQ)","Lieu":"Montr\u00e9al","villes":"","gallery":null,"domaines_dactivite":"<a href=\"https:\/\/arteliagroup.ca\/fr\/nos-domaines\/mobilite\/arpentage-et-acquisition-de-donnees\/\">Arpentage et acquisition de donn\u00e9es<\/a>\r\n\r\n<a href=\"https:\/\/arteliagroup.ca\/fr\/nos-domaines\/mobilite\/gestion-de-la-circulation\/\">Gestion de la circulation<\/a>\r\n\r\n<a href=\"https:\/\/arteliagroup.ca\/fr\/nos-domaines\/mobilite\/ponts-et-ouvrages-dart\/\">Ponts et ouvrages d\u2019art<\/a>\r\n\r\n<a href=\"https:\/\/arteliagroup.ca\/fr\/nos-domaines\/mobilite\/routier\/\">Routier<\/a>"},"yoast_head":"<!-- This site is optimized with the Yoast SEO plugin v27.4 - https:\/\/yoast.com\/product\/yoast-seo-wordpress\/ -->\n<title>R\u00e9fection majeure des tunnels Ville-Marie et Viger - Artelia<\/title>\n<meta name=\"description\" content=\"Le projet de r\u00e9fection des tunnels Ville-Marie et Viger, situ\u00e9s sous l\u2019autoroute 720 vise \u00e0 moderniser et s\u00e9curiser ces infrastructures.\" \/>\n<meta name=\"robots\" content=\"index, follow, max-snippet:-1, max-image-preview:large, max-video-preview:-1\" \/>\n<link rel=\"canonical\" href=\"https:\/\/arteliagroup.ca\/fr\/projets\/refection-majeure-des-tunnels-ville-marie-et-viger-montreal\/\" \/>\n<meta property=\"og:locale\" content=\"fr_CA\" \/>\n<meta property=\"og:type\" content=\"article\" \/>\n<meta property=\"og:title\" content=\"R\u00e9fection majeure des tunnels Ville-Marie et Viger - Artelia\" \/>\n<meta property=\"og:description\" content=\"Le projet de r\u00e9fection des tunnels Ville-Marie et Viger, situ\u00e9s sous l\u2019autoroute 720 vise \u00e0 moderniser et s\u00e9curiser ces infrastructures.\" \/>\n<meta property=\"og:url\" content=\"https:\/\/arteliagroup.ca\/fr\/projets\/refection-majeure-des-tunnels-ville-marie-et-viger-montreal\/\" \/>\n<meta property=\"og:site_name\" content=\"Artelia\" \/>\n<meta property=\"article:publisher\" content=\"https:\/\/www.linkedin.com\/company\/artelia-canada\/\" \/>\n<meta property=\"article:modified_time\" content=\"2026-02-04T14:36:34+00:00\" \/>\n<meta property=\"og:image\" content=\"https:\/\/arteliagroup.ca\/wp-content\/uploads\/2024\/10\/Refection-majeure-des-tunnels-Ville-Marie-et-Viger-Montreal_v-1.webp\" \/>\n\t<meta property=\"og:image:width\" content=\"400\" \/>\n\t<meta property=\"og:image:height\" content=\"400\" \/>\n\t<meta property=\"og:image:type\" content=\"image\/webp\" \/>\n<meta name=\"twitter:card\" content=\"summary_large_image\" \/>\n<meta name=\"twitter:label1\" content=\"Estimation du temps de lecture\" \/>\n\t<meta name=\"twitter:data1\" content=\"2 minutes\" \/>\n<script type=\"application\/ld+json\" class=\"yoast-schema-graph\">{\"@context\":\"https:\\\/\\\/schema.org\",\"@graph\":[{\"@type\":\"WebPage\",\"@id\":\"https:\\\/\\\/arteliagroup.ca\\\/fr\\\/projets\\\/refection-majeure-des-tunnels-ville-marie-et-viger-montreal\\\/\",\"url\":\"https:\\\/\\\/arteliagroup.ca\\\/fr\\\/projets\\\/refection-majeure-des-tunnels-ville-marie-et-viger-montreal\\\/\",\"name\":\"R\u00e9fection majeure des tunnels Ville-Marie et Viger - Artelia\",\"isPartOf\":{\"@id\":\"https:\\\/\\\/arteliagroup.ca\\\/fr\\\/#website\"},\"primaryImageOfPage\":{\"@id\":\"https:\\\/\\\/arteliagroup.ca\\\/fr\\\/projets\\\/refection-majeure-des-tunnels-ville-marie-et-viger-montreal\\\/#primaryimage\"},\"image\":{\"@id\":\"https:\\\/\\\/arteliagroup.ca\\\/fr\\\/projets\\\/refection-majeure-des-tunnels-ville-marie-et-viger-montreal\\\/#primaryimage\"},\"thumbnailUrl\":\"https:\\\/\\\/arteliagroup.ca\\\/wp-content\\\/uploads\\\/2024\\\/10\\\/Refection-majeure-des-tunnels-Ville-Marie-et-Viger-Montreal_v-1.webp\",\"datePublished\":\"2024-10-28T19:14:45+00:00\",\"dateModified\":\"2026-02-04T14:36:34+00:00\",\"description\":\"Le projet de r\u00e9fection des tunnels Ville-Marie et Viger, situ\u00e9s sous l\u2019autoroute 720 vise \u00e0 moderniser et s\u00e9curiser ces infrastructures.\",\"breadcrumb\":{\"@id\":\"https:\\\/\\\/arteliagroup.ca\\\/fr\\\/projets\\\/refection-majeure-des-tunnels-ville-marie-et-viger-montreal\\\/#breadcrumb\"},\"inLanguage\":\"fr-FR\",\"potentialAction\":[{\"@type\":\"ReadAction\",\"target\":[\"https:\\\/\\\/arteliagroup.ca\\\/fr\\\/projets\\\/refection-majeure-des-tunnels-ville-marie-et-viger-montreal\\\/\"]}]},{\"@type\":\"ImageObject\",\"inLanguage\":\"fr-FR\",\"@id\":\"https:\\\/\\\/arteliagroup.ca\\\/fr\\\/projets\\\/refection-majeure-des-tunnels-ville-marie-et-viger-montreal\\\/#primaryimage\",\"url\":\"https:\\\/\\\/arteliagroup.ca\\\/wp-content\\\/uploads\\\/2024\\\/10\\\/Refection-majeure-des-tunnels-Ville-Marie-et-Viger-Montreal_v-1.webp\",\"contentUrl\":\"https:\\\/\\\/arteliagroup.ca\\\/wp-content\\\/uploads\\\/2024\\\/10\\\/Refection-majeure-des-tunnels-Ville-Marie-et-Viger-Montreal_v-1.webp\",\"width\":400,\"height\":400,\"caption\":\"Le projet de r\u00e9fection des tunnels Ville-Marie et Viger, situ\u00e9s sous l\u2019autoroute 720 vise \u00e0 moderniser et s\u00e9curiser ces infrastructures.\"},{\"@type\":\"BreadcrumbList\",\"@id\":\"https:\\\/\\\/arteliagroup.ca\\\/fr\\\/projets\\\/refection-majeure-des-tunnels-ville-marie-et-viger-montreal\\\/#breadcrumb\",\"itemListElement\":[{\"@type\":\"ListItem\",\"position\":1,\"name\":\"Accueil\",\"item\":\"https:\\\/\\\/arteliagroup.ca\\\/fr\\\/\"},{\"@type\":\"ListItem\",\"position\":2,\"name\":\"R\u00e9fection majeure des tunnels Ville-Marie et Viger\"}]},{\"@type\":\"WebSite\",\"@id\":\"https:\\\/\\\/arteliagroup.ca\\\/fr\\\/#website\",\"url\":\"https:\\\/\\\/arteliagroup.ca\\\/fr\\\/\",\"name\":\"Artelia\",\"description\":\"CR\u00c9ER DES SOLUTIONS POUR UNE VIE POSITIVE\",\"publisher\":{\"@id\":\"https:\\\/\\\/arteliagroup.ca\\\/fr\\\/#organization\"},\"alternateName\":\"Artelia Canada\",\"potentialAction\":[{\"@type\":\"SearchAction\",\"target\":{\"@type\":\"EntryPoint\",\"urlTemplate\":\"https:\\\/\\\/arteliagroup.ca\\\/fr\\\/?s={search_term_string}\"},\"query-input\":{\"@type\":\"PropertyValueSpecification\",\"valueRequired\":true,\"valueName\":\"search_term_string\"}}],\"inLanguage\":\"fr-FR\"},{\"@type\":\"Organization\",\"@id\":\"https:\\\/\\\/arteliagroup.ca\\\/fr\\\/#organization\",\"name\":\"Artelia\",\"alternateName\":\"Artelia Canada\",\"url\":\"https:\\\/\\\/arteliagroup.ca\\\/fr\\\/\",\"logo\":{\"@type\":\"ImageObject\",\"inLanguage\":\"fr-FR\",\"@id\":\"https:\\\/\\\/arteliagroup.ca\\\/fr\\\/#\\\/schema\\\/logo\\\/image\\\/\",\"url\":\"https:\\\/\\\/arteliagroup.ca\\\/wp-content\\\/uploads\\\/2024\\\/07\\\/ARTELIA_couleur_WEB.svg\",\"contentUrl\":\"https:\\\/\\\/arteliagroup.ca\\\/wp-content\\\/uploads\\\/2024\\\/07\\\/ARTELIA_couleur_WEB.svg\",\"width\":300,\"height\":91,\"caption\":\"Artelia\"},\"image\":{\"@id\":\"https:\\\/\\\/arteliagroup.ca\\\/fr\\\/#\\\/schema\\\/logo\\\/image\\\/\"},\"sameAs\":[\"https:\\\/\\\/www.linkedin.com\\\/company\\\/artelia-canada\\\/\"]}]}<\/script>\n<!-- \/ Yoast SEO plugin. -->","yoast_head_json":{"title":"R\u00e9fection majeure des tunnels Ville-Marie et Viger - Artelia","description":"Le projet de r\u00e9fection des tunnels Ville-Marie et Viger, situ\u00e9s sous l\u2019autoroute 720 vise \u00e0 moderniser et s\u00e9curiser ces infrastructures.","robots":{"index":"index","follow":"follow","max-snippet":"max-snippet:-1","max-image-preview":"max-image-preview:large","max-video-preview":"max-video-preview:-1"},"canonical":"https:\/\/arteliagroup.ca\/fr\/projets\/refection-majeure-des-tunnels-ville-marie-et-viger-montreal\/","og_locale":"fr_CA","og_type":"article","og_title":"R\u00e9fection majeure des tunnels Ville-Marie et Viger - Artelia","og_description":"Le projet de r\u00e9fection des tunnels Ville-Marie et Viger, situ\u00e9s sous l\u2019autoroute 720 vise \u00e0 moderniser et s\u00e9curiser ces infrastructures.","og_url":"https:\/\/arteliagroup.ca\/fr\/projets\/refection-majeure-des-tunnels-ville-marie-et-viger-montreal\/","og_site_name":"Artelia","article_publisher":"https:\/\/www.linkedin.com\/company\/artelia-canada\/","article_modified_time":"2026-02-04T14:36:34+00:00","og_image":[{"width":400,"height":400,"url":"https:\/\/arteliagroup.ca\/wp-content\/uploads\/2024\/10\/Refection-majeure-des-tunnels-Ville-Marie-et-Viger-Montreal_v-1.webp","type":"image\/webp"}],"twitter_card":"summary_large_image","twitter_misc":{"Estimation du temps de lecture":"2 minutes"},"schema":{"@context":"https:\/\/schema.org","@graph":[{"@type":"WebPage","@id":"https:\/\/arteliagroup.ca\/fr\/projets\/refection-majeure-des-tunnels-ville-marie-et-viger-montreal\/","url":"https:\/\/arteliagroup.ca\/fr\/projets\/refection-majeure-des-tunnels-ville-marie-et-viger-montreal\/","name":"R\u00e9fection majeure des tunnels Ville-Marie et Viger - Artelia","isPartOf":{"@id":"https:\/\/arteliagroup.ca\/fr\/#website"},"primaryImageOfPage":{"@id":"https:\/\/arteliagroup.ca\/fr\/projets\/refection-majeure-des-tunnels-ville-marie-et-viger-montreal\/#primaryimage"},"image":{"@id":"https:\/\/arteliagroup.ca\/fr\/projets\/refection-majeure-des-tunnels-ville-marie-et-viger-montreal\/#primaryimage"},"thumbnailUrl":"https:\/\/arteliagroup.ca\/wp-content\/uploads\/2024\/10\/Refection-majeure-des-tunnels-Ville-Marie-et-Viger-Montreal_v-1.webp","datePublished":"2024-10-28T19:14:45+00:00","dateModified":"2026-02-04T14:36:34+00:00","description":"Le projet de r\u00e9fection des tunnels Ville-Marie et Viger, situ\u00e9s sous l\u2019autoroute 720 vise \u00e0 moderniser et s\u00e9curiser ces infrastructures.","breadcrumb":{"@id":"https:\/\/arteliagroup.ca\/fr\/projets\/refection-majeure-des-tunnels-ville-marie-et-viger-montreal\/#breadcrumb"},"inLanguage":"fr-FR","potentialAction":[{"@type":"ReadAction","target":["https:\/\/arteliagroup.ca\/fr\/projets\/refection-majeure-des-tunnels-ville-marie-et-viger-montreal\/"]}]},{"@type":"ImageObject","inLanguage":"fr-FR","@id":"https:\/\/arteliagroup.ca\/fr\/projets\/refection-majeure-des-tunnels-ville-marie-et-viger-montreal\/#primaryimage","url":"https:\/\/arteliagroup.ca\/wp-content\/uploads\/2024\/10\/Refection-majeure-des-tunnels-Ville-Marie-et-Viger-Montreal_v-1.webp","contentUrl":"https:\/\/arteliagroup.ca\/wp-content\/uploads\/2024\/10\/Refection-majeure-des-tunnels-Ville-Marie-et-Viger-Montreal_v-1.webp","width":400,"height":400,"caption":"Le projet de r\u00e9fection des tunnels Ville-Marie et Viger, situ\u00e9s sous l\u2019autoroute 720 vise \u00e0 moderniser et s\u00e9curiser ces infrastructures."},{"@type":"BreadcrumbList","@id":"https:\/\/arteliagroup.ca\/fr\/projets\/refection-majeure-des-tunnels-ville-marie-et-viger-montreal\/#breadcrumb","itemListElement":[{"@type":"ListItem","position":1,"name":"Accueil","item":"https:\/\/arteliagroup.ca\/fr\/"},{"@type":"ListItem","position":2,"name":"R\u00e9fection majeure des tunnels Ville-Marie et Viger"}]},{"@type":"WebSite","@id":"https:\/\/arteliagroup.ca\/fr\/#website","url":"https:\/\/arteliagroup.ca\/fr\/","name":"Artelia","description":"CR\u00c9ER DES SOLUTIONS POUR UNE VIE POSITIVE","publisher":{"@id":"https:\/\/arteliagroup.ca\/fr\/#organization"},"alternateName":"Artelia Canada","potentialAction":[{"@type":"SearchAction","target":{"@type":"EntryPoint","urlTemplate":"https:\/\/arteliagroup.ca\/fr\/?s={search_term_string}"},"query-input":{"@type":"PropertyValueSpecification","valueRequired":true,"valueName":"search_term_string"}}],"inLanguage":"fr-FR"},{"@type":"Organization","@id":"https:\/\/arteliagroup.ca\/fr\/#organization","name":"Artelia","alternateName":"Artelia Canada","url":"https:\/\/arteliagroup.ca\/fr\/","logo":{"@type":"ImageObject","inLanguage":"fr-FR","@id":"https:\/\/arteliagroup.ca\/fr\/#\/schema\/logo\/image\/","url":"https:\/\/arteliagroup.ca\/wp-content\/uploads\/2024\/07\/ARTELIA_couleur_WEB.svg","contentUrl":"https:\/\/arteliagroup.ca\/wp-content\/uploads\/2024\/07\/ARTELIA_couleur_WEB.svg","width":300,"height":91,"caption":"Artelia"},"image":{"@id":"https:\/\/arteliagroup.ca\/fr\/#\/schema\/logo\/image\/"},"sameAs":["https:\/\/www.linkedin.com\/company\/artelia-canada\/"]}]}},"_links":{"self":[{"href":"https:\/\/arteliagroup.ca\/fr\/wp-json\/wp\/v2\/projets\/12172","targetHints":{"allow":["GET"]}}],"collection":[{"href":"https:\/\/arteliagroup.ca\/fr\/wp-json\/wp\/v2\/projets"}],"about":[{"href":"https:\/\/arteliagroup.ca\/fr\/wp-json\/wp\/v2\/types\/projets"}],"version-history":[{"count":3,"href":"https:\/\/arteliagroup.ca\/fr\/wp-json\/wp\/v2\/projets\/12172\/revisions"}],"predecessor-version":[{"id":34588,"href":"https:\/\/arteliagroup.ca\/fr\/wp-json\/wp\/v2\/projets\/12172\/revisions\/34588"}],"wp:featuredmedia":[{"embeddable":true,"href":"https:\/\/arteliagroup.ca\/fr\/wp-json\/wp\/v2\/media\/11997"}],"wp:attachment":[{"href":"https:\/\/arteliagroup.ca\/fr\/wp-json\/wp\/v2\/media?parent=12172"}],"wp:term":[{"taxonomy":"domaines","embeddable":true,"href":"https:\/\/arteliagroup.ca\/fr\/wp-json\/wp\/v2\/domaines?post=12172"},{"taxonomy":"domaine-activite","embeddable":true,"href":"https:\/\/arteliagroup.ca\/fr\/wp-json\/wp\/v2\/domaine-activite?post=12172"},{"taxonomy":"enjeux","embeddable":true,"href":"https:\/\/arteliagroup.ca\/fr\/wp-json\/wp\/v2\/enjeux?post=12172"},{"taxonomy":"galerie","embeddable":true,"href":"https:\/\/arteliagroup.ca\/fr\/wp-json\/wp\/v2\/galerie?post=12172"},{"taxonomy":"pays","embeddable":true,"href":"https:\/\/arteliagroup.ca\/fr\/wp-json\/wp\/v2\/pays?post=12172"}],"curies":[{"name":"wp","href":"https:\/\/api.w.org\/{rel}","templated":true}]}}