{"id":12186,"date":"2024-10-28T16:38:45","date_gmt":"2024-10-28T20:38:45","guid":{"rendered":"https:\/\/arteliagroup.ca\/?post_type=projets&#038;p=12186"},"modified":"2026-02-04T09:25:21","modified_gmt":"2026-02-04T14:25:21","slug":"parc-lineaire-le-ptit-train-du-nord","status":"publish","type":"projets","link":"https:\/\/arteliagroup.ca\/fr\/projets\/parc-lineaire-le-ptit-train-du-nord\/","title":{"rendered":"Parc lin\u00e9aire le P&rsquo;tit Train du Nord"},"content":{"rendered":"","protected":false},"excerpt":{"rendered":"<p>En tant qu&rsquo;infrastructure int\u00e9gr\u00e9e au r\u00e9seau de la Route verte et au Sentier transcanadien, ce sentier de 234 km joue un r\u00f4le crucial dans l&rsquo;interconnexion des modes de transport dans la r\u00e9gion des Laurentides.<\/p>\n","protected":false},"featured_media":12212,"template":"","format":"standard","meta":{"_acf_changed":false},"domaines":[67,64],"domaine-activite":[145,114,144,141],"enjeux":[75,76],"galerie":[],"pays":[385],"class_list":["post-12186","projets","type-projets","status-publish","format-standard","has-post-thumbnail","hentry","domaines-environnement-et-sciences-de-la-terre","domaines-mobilite","domaine-activite-infrastructures-urbaines","domaine-activite-ingenierie-des-materiaux","domaine-activite-routier","domaine-activite-transport-actif-et-collectif","enjeux-mieux-vivre-en-ville","enjeux-mobilite-durable-et-multimodale","pays-canada"],"acf":{"Citation":"Un r\u00e9am\u00e9nagement pour plus de s\u00e9curit\u00e9 et d\u2019accessibilit\u00e9 sur le plus long parc lin\u00e9aire au Canada.","head_projet":12067,"projet_phare":12210,"prix":null,"copyright":"","description_projets":"Le r\u00e9am\u00e9nagement du Parc lin\u00e9aire Le P\u2019tit Train du Nord, le plus long parc lin\u00e9aire au Canada, s'inscrit dans une vision de mobilit\u00e9 durable en privil\u00e9giant les solutions collectives, actives et \u00e0 faible empreinte carbone. En tant qu'infrastructure int\u00e9gr\u00e9e au r\u00e9seau de la Route verte et au Sentier transcanadien, ce sentier de 234 km joue un r\u00f4le crucial dans l'interconnexion des modes de transport dans la r\u00e9gion des Laurentides. Les sections entre les Municipalit\u00e9s de Val-Morin et Mont-Blanc ainsi qu\u2019entre Mont-Tremblant et Labelle, initialement en poussi\u00e8re de roche, repr\u00e9sentait un obstacle majeur \u00e0 cette continuit\u00e9 pour le transport multifonctionnel. Ces tron\u00e7ons, repr\u00e9sentant pr\u00e8s de 50 km, ont fait l\u2019objet de r\u00e9fection des probl\u00e8mes de drainage et de fondation d\u00e9ficiente, ce qui a permis l'application d'une couche de pavage innovante pour garantir une mobilit\u00e9 fluide et durable.\r\n\r\nCe r\u00e9am\u00e9nagement va bien au-del\u00e0 de la simple am\u00e9lioration de l'infrastructure existante : il s\u2019agit d\u2019une initiative cl\u00e9 pour promouvoir une mobilit\u00e9 durable dans la r\u00e9gion des Laurentides, offrant \u00e0 la communaut\u00e9 une infrastructure moderne et inclusive pour un r\u00e9seau de transport \u00e9cologique et interconnect\u00e9. Ce projet a ainsi permis aux citoyens, y compris les enfants, les personnes \u00e2g\u00e9es et celles ayant des besoins de mobilit\u00e9 particuliers, de renouer avec ce parc lin\u00e9aire en toute s\u00e9curit\u00e9. En plus des bienfaits concernant la mobilit\u00e9 active, cette r\u00e9fection permet d\u2019accro\u00eetre la diversit\u00e9 des activit\u00e9s touristiques afin de b\u00e9n\u00e9ficier aux visiteurs et aux nombreux commer\u00e7ants des Municipalit\u00e9s par lesquelles circulent les usagers de la piste.","Client":"MRC des Laurentides","Lieu":"Laurentides","villes":"","gallery":[12053,12055,12057,12061,12063],"domaines_dactivite":"<a href=\"https:\/\/arteliagroup.ca\/fr\/nos-domaines\/mobilite\/infrastructures-urbaines\/\">Infrastructures urbaines<\/a>\r\n\r\n<a href=\"https:\/\/arteliagroup.ca\/fr\/nos-domaines\/environnement-et-sciences-de-la-terre\/ingenierie-des-materiaux\/\">Ing\u00e9nierie des mat\u00e9riaux<\/a>\r\n\r\n<a href=\"https:\/\/arteliagroup.ca\/fr\/nos-domaines\/mobilite\/routier\/\">Routier<\/a>\r\n\r\n<a href=\"https:\/\/arteliagroup.ca\/fr\/nos-domaines\/mobilite\/transport-actif-et-collectif\/\">Transport actif et collectif<\/a>"},"yoast_head":"<!-- This site is optimized with the Yoast SEO plugin v27.5 - https:\/\/yoast.com\/product\/yoast-seo-wordpress\/ -->\n<title>Parc lin\u00e9aire le P&#039;tit Train du Nord - Artelia<\/title>\n<meta name=\"description\" content=\"En tant qu&#039;infrastructure int\u00e9gr\u00e9e au r\u00e9seau de la Route verte et au Sentier transcanadien, ce sentier joue un r\u00f4le crucial.\" \/>\n<meta name=\"robots\" content=\"index, follow, max-snippet:-1, max-image-preview:large, max-video-preview:-1\" \/>\n<link rel=\"canonical\" href=\"https:\/\/arteliagroup.ca\/fr\/projets\/parc-lineaire-le-ptit-train-du-nord\/\" \/>\n<meta property=\"og:locale\" content=\"fr_CA\" \/>\n<meta property=\"og:type\" content=\"article\" \/>\n<meta property=\"og:title\" content=\"Parc lin\u00e9aire le P&#039;tit Train du Nord - Artelia\" \/>\n<meta property=\"og:description\" content=\"En tant qu&#039;infrastructure int\u00e9gr\u00e9e au r\u00e9seau de la Route verte et au Sentier transcanadien, ce sentier joue un r\u00f4le crucial.\" \/>\n<meta property=\"og:url\" content=\"https:\/\/arteliagroup.ca\/fr\/projets\/parc-lineaire-le-ptit-train-du-nord\/\" \/>\n<meta property=\"og:site_name\" content=\"Artelia\" \/>\n<meta property=\"article:publisher\" content=\"https:\/\/www.linkedin.com\/company\/artelia-canada\/\" \/>\n<meta property=\"article:modified_time\" content=\"2026-02-04T14:25:21+00:00\" \/>\n<meta property=\"og:image\" content=\"https:\/\/arteliagroup.ca\/wp-content\/uploads\/2024\/10\/Refection-du-parc-lineaire-le-Ptit-train-du-Nord_v2-jpg.avif\" \/>\n\t<meta property=\"og:image:width\" content=\"400\" \/>\n\t<meta property=\"og:image:height\" content=\"400\" \/>\n\t<meta property=\"og:image:type\" content=\"image\/jpeg\" \/>\n<meta name=\"twitter:card\" content=\"summary_large_image\" \/>\n<meta name=\"twitter:label1\" content=\"Estimation du temps de lecture\" \/>\n\t<meta name=\"twitter:data1\" content=\"3 minutes\" \/>\n<script type=\"application\/ld+json\" class=\"yoast-schema-graph\">{\"@context\":\"https:\\\/\\\/schema.org\",\"@graph\":[{\"@type\":\"WebPage\",\"@id\":\"https:\\\/\\\/arteliagroup.ca\\\/fr\\\/projets\\\/parc-lineaire-le-ptit-train-du-nord\\\/\",\"url\":\"https:\\\/\\\/arteliagroup.ca\\\/fr\\\/projets\\\/parc-lineaire-le-ptit-train-du-nord\\\/\",\"name\":\"Parc lin\u00e9aire le P'tit Train du Nord - Artelia\",\"isPartOf\":{\"@id\":\"https:\\\/\\\/arteliagroup.ca\\\/fr\\\/#website\"},\"primaryImageOfPage\":{\"@id\":\"https:\\\/\\\/arteliagroup.ca\\\/fr\\\/projets\\\/parc-lineaire-le-ptit-train-du-nord\\\/#primaryimage\"},\"image\":{\"@id\":\"https:\\\/\\\/arteliagroup.ca\\\/fr\\\/projets\\\/parc-lineaire-le-ptit-train-du-nord\\\/#primaryimage\"},\"thumbnailUrl\":\"https:\\\/\\\/arteliagroup.ca\\\/wp-content\\\/uploads\\\/2024\\\/10\\\/Refection-du-parc-lineaire-le-Ptit-train-du-Nord_v2-jpg.avif\",\"datePublished\":\"2024-10-28T20:38:45+00:00\",\"dateModified\":\"2026-02-04T14:25:21+00:00\",\"description\":\"En tant qu'infrastructure int\u00e9gr\u00e9e au r\u00e9seau de la Route verte et au Sentier transcanadien, ce sentier joue un r\u00f4le crucial.\",\"breadcrumb\":{\"@id\":\"https:\\\/\\\/arteliagroup.ca\\\/fr\\\/projets\\\/parc-lineaire-le-ptit-train-du-nord\\\/#breadcrumb\"},\"inLanguage\":\"fr-FR\",\"potentialAction\":[{\"@type\":\"ReadAction\",\"target\":[\"https:\\\/\\\/arteliagroup.ca\\\/fr\\\/projets\\\/parc-lineaire-le-ptit-train-du-nord\\\/\"]}]},{\"@type\":\"ImageObject\",\"inLanguage\":\"fr-FR\",\"@id\":\"https:\\\/\\\/arteliagroup.ca\\\/fr\\\/projets\\\/parc-lineaire-le-ptit-train-du-nord\\\/#primaryimage\",\"url\":\"https:\\\/\\\/arteliagroup.ca\\\/wp-content\\\/uploads\\\/2024\\\/10\\\/Refection-du-parc-lineaire-le-Ptit-train-du-Nord_v2-jpg.avif\",\"contentUrl\":\"https:\\\/\\\/arteliagroup.ca\\\/wp-content\\\/uploads\\\/2024\\\/10\\\/Refection-du-parc-lineaire-le-Ptit-train-du-Nord_v2-jpg.avif\",\"width\":400,\"height\":400,\"caption\":\"En tant qu'infrastructure int\u00e9gr\u00e9e au r\u00e9seau de la Route verte et au Sentier transcanadien, ce sentier joue un r\u00f4le crucial.\"},{\"@type\":\"BreadcrumbList\",\"@id\":\"https:\\\/\\\/arteliagroup.ca\\\/fr\\\/projets\\\/parc-lineaire-le-ptit-train-du-nord\\\/#breadcrumb\",\"itemListElement\":[{\"@type\":\"ListItem\",\"position\":1,\"name\":\"Accueil\",\"item\":\"https:\\\/\\\/arteliagroup.ca\\\/fr\\\/\"},{\"@type\":\"ListItem\",\"position\":2,\"name\":\"Parc lin\u00e9aire le P&#8217;tit Train du Nord\"}]},{\"@type\":\"WebSite\",\"@id\":\"https:\\\/\\\/arteliagroup.ca\\\/fr\\\/#website\",\"url\":\"https:\\\/\\\/arteliagroup.ca\\\/fr\\\/\",\"name\":\"Artelia\",\"description\":\"CR\u00c9ER DES SOLUTIONS POUR UNE VIE POSITIVE\",\"publisher\":{\"@id\":\"https:\\\/\\\/arteliagroup.ca\\\/fr\\\/#organization\"},\"alternateName\":\"Artelia Canada\",\"potentialAction\":[{\"@type\":\"SearchAction\",\"target\":{\"@type\":\"EntryPoint\",\"urlTemplate\":\"https:\\\/\\\/arteliagroup.ca\\\/fr\\\/?s={search_term_string}\"},\"query-input\":{\"@type\":\"PropertyValueSpecification\",\"valueRequired\":true,\"valueName\":\"search_term_string\"}}],\"inLanguage\":\"fr-FR\"},{\"@type\":\"Organization\",\"@id\":\"https:\\\/\\\/arteliagroup.ca\\\/fr\\\/#organization\",\"name\":\"Artelia\",\"alternateName\":\"Artelia Canada\",\"url\":\"https:\\\/\\\/arteliagroup.ca\\\/fr\\\/\",\"logo\":{\"@type\":\"ImageObject\",\"inLanguage\":\"fr-FR\",\"@id\":\"https:\\\/\\\/arteliagroup.ca\\\/fr\\\/#\\\/schema\\\/logo\\\/image\\\/\",\"url\":\"https:\\\/\\\/arteliagroup.ca\\\/wp-content\\\/uploads\\\/2024\\\/07\\\/ARTELIA_couleur_WEB.svg\",\"contentUrl\":\"https:\\\/\\\/arteliagroup.ca\\\/wp-content\\\/uploads\\\/2024\\\/07\\\/ARTELIA_couleur_WEB.svg\",\"width\":300,\"height\":91,\"caption\":\"Artelia\"},\"image\":{\"@id\":\"https:\\\/\\\/arteliagroup.ca\\\/fr\\\/#\\\/schema\\\/logo\\\/image\\\/\"},\"sameAs\":[\"https:\\\/\\\/www.linkedin.com\\\/company\\\/artelia-canada\\\/\"]}]}<\/script>\n<!-- \/ Yoast SEO plugin. -->","yoast_head_json":{"title":"Parc lin\u00e9aire le P'tit Train du Nord - Artelia","description":"En tant qu'infrastructure int\u00e9gr\u00e9e au r\u00e9seau de la Route verte et au Sentier transcanadien, ce sentier joue un r\u00f4le crucial.","robots":{"index":"index","follow":"follow","max-snippet":"max-snippet:-1","max-image-preview":"max-image-preview:large","max-video-preview":"max-video-preview:-1"},"canonical":"https:\/\/arteliagroup.ca\/fr\/projets\/parc-lineaire-le-ptit-train-du-nord\/","og_locale":"fr_CA","og_type":"article","og_title":"Parc lin\u00e9aire le P'tit Train du Nord - Artelia","og_description":"En tant qu'infrastructure int\u00e9gr\u00e9e au r\u00e9seau de la Route verte et au Sentier transcanadien, ce sentier joue un r\u00f4le crucial.","og_url":"https:\/\/arteliagroup.ca\/fr\/projets\/parc-lineaire-le-ptit-train-du-nord\/","og_site_name":"Artelia","article_publisher":"https:\/\/www.linkedin.com\/company\/artelia-canada\/","article_modified_time":"2026-02-04T14:25:21+00:00","og_image":[{"width":400,"height":400,"url":"https:\/\/arteliagroup.ca\/wp-content\/uploads\/2024\/10\/Refection-du-parc-lineaire-le-Ptit-train-du-Nord_v2-jpg.avif","type":"image\/jpeg"}],"twitter_card":"summary_large_image","twitter_misc":{"Estimation du temps de lecture":"3 minutes"},"schema":{"@context":"https:\/\/schema.org","@graph":[{"@type":"WebPage","@id":"https:\/\/arteliagroup.ca\/fr\/projets\/parc-lineaire-le-ptit-train-du-nord\/","url":"https:\/\/arteliagroup.ca\/fr\/projets\/parc-lineaire-le-ptit-train-du-nord\/","name":"Parc lin\u00e9aire le P'tit Train du Nord - Artelia","isPartOf":{"@id":"https:\/\/arteliagroup.ca\/fr\/#website"},"primaryImageOfPage":{"@id":"https:\/\/arteliagroup.ca\/fr\/projets\/parc-lineaire-le-ptit-train-du-nord\/#primaryimage"},"image":{"@id":"https:\/\/arteliagroup.ca\/fr\/projets\/parc-lineaire-le-ptit-train-du-nord\/#primaryimage"},"thumbnailUrl":"https:\/\/arteliagroup.ca\/wp-content\/uploads\/2024\/10\/Refection-du-parc-lineaire-le-Ptit-train-du-Nord_v2-jpg.avif","datePublished":"2024-10-28T20:38:45+00:00","dateModified":"2026-02-04T14:25:21+00:00","description":"En tant qu'infrastructure int\u00e9gr\u00e9e au r\u00e9seau de la Route verte et au Sentier transcanadien, ce sentier joue un r\u00f4le crucial.","breadcrumb":{"@id":"https:\/\/arteliagroup.ca\/fr\/projets\/parc-lineaire-le-ptit-train-du-nord\/#breadcrumb"},"inLanguage":"fr-FR","potentialAction":[{"@type":"ReadAction","target":["https:\/\/arteliagroup.ca\/fr\/projets\/parc-lineaire-le-ptit-train-du-nord\/"]}]},{"@type":"ImageObject","inLanguage":"fr-FR","@id":"https:\/\/arteliagroup.ca\/fr\/projets\/parc-lineaire-le-ptit-train-du-nord\/#primaryimage","url":"https:\/\/arteliagroup.ca\/wp-content\/uploads\/2024\/10\/Refection-du-parc-lineaire-le-Ptit-train-du-Nord_v2-jpg.avif","contentUrl":"https:\/\/arteliagroup.ca\/wp-content\/uploads\/2024\/10\/Refection-du-parc-lineaire-le-Ptit-train-du-Nord_v2-jpg.avif","width":400,"height":400,"caption":"En tant qu'infrastructure int\u00e9gr\u00e9e au r\u00e9seau de la Route verte et au Sentier transcanadien, ce sentier joue un r\u00f4le crucial."},{"@type":"BreadcrumbList","@id":"https:\/\/arteliagroup.ca\/fr\/projets\/parc-lineaire-le-ptit-train-du-nord\/#breadcrumb","itemListElement":[{"@type":"ListItem","position":1,"name":"Accueil","item":"https:\/\/arteliagroup.ca\/fr\/"},{"@type":"ListItem","position":2,"name":"Parc lin\u00e9aire le P&#8217;tit Train du Nord"}]},{"@type":"WebSite","@id":"https:\/\/arteliagroup.ca\/fr\/#website","url":"https:\/\/arteliagroup.ca\/fr\/","name":"Artelia","description":"CR\u00c9ER DES SOLUTIONS POUR UNE VIE POSITIVE","publisher":{"@id":"https:\/\/arteliagroup.ca\/fr\/#organization"},"alternateName":"Artelia Canada","potentialAction":[{"@type":"SearchAction","target":{"@type":"EntryPoint","urlTemplate":"https:\/\/arteliagroup.ca\/fr\/?s={search_term_string}"},"query-input":{"@type":"PropertyValueSpecification","valueRequired":true,"valueName":"search_term_string"}}],"inLanguage":"fr-FR"},{"@type":"Organization","@id":"https:\/\/arteliagroup.ca\/fr\/#organization","name":"Artelia","alternateName":"Artelia Canada","url":"https:\/\/arteliagroup.ca\/fr\/","logo":{"@type":"ImageObject","inLanguage":"fr-FR","@id":"https:\/\/arteliagroup.ca\/fr\/#\/schema\/logo\/image\/","url":"https:\/\/arteliagroup.ca\/wp-content\/uploads\/2024\/07\/ARTELIA_couleur_WEB.svg","contentUrl":"https:\/\/arteliagroup.ca\/wp-content\/uploads\/2024\/07\/ARTELIA_couleur_WEB.svg","width":300,"height":91,"caption":"Artelia"},"image":{"@id":"https:\/\/arteliagroup.ca\/fr\/#\/schema\/logo\/image\/"},"sameAs":["https:\/\/www.linkedin.com\/company\/artelia-canada\/"]}]}},"_links":{"self":[{"href":"https:\/\/arteliagroup.ca\/fr\/wp-json\/wp\/v2\/projets\/12186","targetHints":{"allow":["GET"]}}],"collection":[{"href":"https:\/\/arteliagroup.ca\/fr\/wp-json\/wp\/v2\/projets"}],"about":[{"href":"https:\/\/arteliagroup.ca\/fr\/wp-json\/wp\/v2\/types\/projets"}],"version-history":[{"count":6,"href":"https:\/\/arteliagroup.ca\/fr\/wp-json\/wp\/v2\/projets\/12186\/revisions"}],"predecessor-version":[{"id":34584,"href":"https:\/\/arteliagroup.ca\/fr\/wp-json\/wp\/v2\/projets\/12186\/revisions\/34584"}],"acf:attachment":[{"embeddable":true,"href":"https:\/\/arteliagroup.ca\/fr\/wp-json\/wp\/v2\/media\/12063"},{"embeddable":true,"href":"https:\/\/arteliagroup.ca\/fr\/wp-json\/wp\/v2\/media\/12061"},{"embeddable":true,"href":"https:\/\/arteliagroup.ca\/fr\/wp-json\/wp\/v2\/media\/12057"},{"embeddable":true,"href":"https:\/\/arteliagroup.ca\/fr\/wp-json\/wp\/v2\/media\/12055"},{"embeddable":true,"href":"https:\/\/arteliagroup.ca\/fr\/wp-json\/wp\/v2\/media\/12053"}],"wp:featuredmedia":[{"embeddable":true,"href":"https:\/\/arteliagroup.ca\/fr\/wp-json\/wp\/v2\/media\/12212"}],"wp:attachment":[{"href":"https:\/\/arteliagroup.ca\/fr\/wp-json\/wp\/v2\/media?parent=12186"}],"wp:term":[{"taxonomy":"domaines","embeddable":true,"href":"https:\/\/arteliagroup.ca\/fr\/wp-json\/wp\/v2\/domaines?post=12186"},{"taxonomy":"domaine-activite","embeddable":true,"href":"https:\/\/arteliagroup.ca\/fr\/wp-json\/wp\/v2\/domaine-activite?post=12186"},{"taxonomy":"enjeux","embeddable":true,"href":"https:\/\/arteliagroup.ca\/fr\/wp-json\/wp\/v2\/enjeux?post=12186"},{"taxonomy":"galerie","embeddable":true,"href":"https:\/\/arteliagroup.ca\/fr\/wp-json\/wp\/v2\/galerie?post=12186"},{"taxonomy":"pays","embeddable":true,"href":"https:\/\/arteliagroup.ca\/fr\/wp-json\/wp\/v2\/pays?post=12186"}],"curies":[{"name":"wp","href":"https:\/\/api.w.org\/{rel}","templated":true}]}}