{"id":16786,"date":"2024-12-28T18:16:03","date_gmt":"2024-12-28T23:16:03","guid":{"rendered":"https:\/\/arteliagroup.ca\/?post_type=projets&#038;p=16786"},"modified":"2026-01-30T16:20:50","modified_gmt":"2026-01-30T21:20:50","slug":"projet-eolien-dans-le-bas-saint-laurent","status":"publish","type":"projets","link":"https:\/\/arteliagroup.ca\/fr\/projets\/projet-eolien-dans-le-bas-saint-laurent\/","title":{"rendered":"Projet \u00e9olien dans le Bas-Saint-Laurent"},"content":{"rendered":"","protected":false},"excerpt":{"rendered":"<p>Un projet \u00e9olien qui permettra d&rsquo;atteindre des cibles de carboneutralit\u00e9, en partenariat avec les communaut\u00e9s locales.<\/p>\n","protected":false},"featured_media":16716,"template":"","format":"standard","meta":{"_acf_changed":false},"domaines":[66,67],"domaine-activite":[324,115],"enjeux":[71],"galerie":[198],"pays":[385],"class_list":["post-16786","projets","type-projets","status-publish","format-standard","has-post-thumbnail","hentry","domaines-energie","domaines-environnement-et-sciences-de-la-terre","domaine-activite-energies-renouvelables","domaine-activite-geotechnique","enjeux-transition-energetique","galerie-no","pays-canada"],"acf":{"Citation":"Atteindre des cibles de carboneutralit\u00e9 en partenariat avec les communaut\u00e9s.","head_projet":20355,"projet_phare":16714,"prix":null,"copyright":"","description_projets":"Le projet \u00e9olien Poh\u00e9n\u00e9gamook-Picard-Saint-Antonin-Wolastokuk (PPAW) produira pr\u00e8s de 350 MW d'\u00e9lectricit\u00e9 \u00e0 partir d'\u00e9oliennes dont les tours atteignent 110 m\u00e8tres de hauteur. Cette production sera une contribution importante pour Hydro-Qu\u00e9bec qui pr\u00e9voit augmenter grandement sa capacit\u00e9 de production \u00e9olienne selon son plan d'action \u00ab Vers un Qu\u00e9bec d\u00e9carbon\u00e9 et prosp\u00e8re 2035 \u00bb. D\u00e9velopp\u00e9 par Invenergy, une soci\u00e9t\u00e9 priv\u00e9e leader dans le domaine des \u00e9nergies renouvelables, le projet a \u00e9t\u00e9 \u00e9tabli gr\u00e2ce \u00e0 un solide partenariat avec les municipalit\u00e9s locales et une communaut\u00e9 des Premi\u00e8res Nations. Non seulement il g\u00e9n\u00e9rera des redevances, mais la moiti\u00e9 des revenus du parc \u00e9olien sera redistribu\u00e9e aux MRC et aux municipalit\u00e9s, contribuant ainsi \u00e0 leur d\u00e9veloppement selon leurs propres priorit\u00e9s.\r\n\r\nNotre \u00e9quipe de sp\u00e9cialistes en g\u00e9otechnique a \u00e9t\u00e9 mandat\u00e9e pour effectuer l\u2019investigation g\u00e9otechnique de ce projet dans la r\u00e9gion du Bas-Saint-Laurent. En raison du terrain accident\u00e9 et bois\u00e9 et de la grande distance entre chaque site, la r\u00e9alisation des forages a pos\u00e9 d\u2019\u00e9normes d\u00e9fis logistiques. Les conditions hivernales et l\u2019absence fr\u00e9quente de r\u00e9seau cellulaire ont ajout\u00e9 encore plus de complexit\u00e9. Malgr\u00e9 ces obstacles, nos \u00e9quipes ont accompli avec succ\u00e8s cette mission exigeante, d\u00e9montrant ainsi leur expertise dans la gestion de conditions de sites difficiles.","Client":"Invenergy","Lieu":"Bas-Saint-Laurent","villes":"","gallery":null,"domaines_dactivite":"<a href=\"https:\/\/arteliagroup.ca\/fr\/nos-domaines\/energie\/energies-renouvelables\/\">\u00c9nergies renouvelables<\/a>\r\n<div class=\"ue_taxonomy_item_content\">\r\n\r\n<a href=\"https:\/\/arteliagroup.ca\/fr\/nos-domaines\/environnement-et-sciences-de-la-terre\/geotechnique\/\">G\u00e9otechnique<\/a>\r\n\r\n<\/div>"},"yoast_head":"<!-- This site is optimized with the Yoast SEO plugin v27.4 - https:\/\/yoast.com\/product\/yoast-seo-wordpress\/ -->\n<title>Projet \u00e9olien dans le Bas-Saint-Laurent - Artelia<\/title>\n<meta name=\"description\" content=\"Un projet \u00e9olien qui permettra d&#039;atteindre des cibles de carboneutralit\u00e9, en partenariat avec les communaut\u00e9s locales.\" \/>\n<meta name=\"robots\" content=\"index, follow, max-snippet:-1, max-image-preview:large, max-video-preview:-1\" \/>\n<link rel=\"canonical\" href=\"https:\/\/arteliagroup.ca\/fr\/projets\/projet-eolien-dans-le-bas-saint-laurent\/\" \/>\n<meta property=\"og:locale\" content=\"fr_CA\" \/>\n<meta property=\"og:type\" content=\"article\" \/>\n<meta property=\"og:title\" content=\"Projet \u00e9olien dans le Bas-Saint-Laurent - Artelia\" \/>\n<meta property=\"og:description\" content=\"Un projet \u00e9olien qui permettra d&#039;atteindre des cibles de carboneutralit\u00e9, en partenariat avec les communaut\u00e9s locales.\" \/>\n<meta property=\"og:url\" content=\"https:\/\/arteliagroup.ca\/fr\/projets\/projet-eolien-dans-le-bas-saint-laurent\/\" \/>\n<meta property=\"og:site_name\" content=\"Artelia\" \/>\n<meta property=\"article:publisher\" content=\"https:\/\/www.linkedin.com\/company\/artelia-canada\/\" \/>\n<meta property=\"article:modified_time\" content=\"2026-01-30T21:20:50+00:00\" \/>\n<meta property=\"og:image\" content=\"https:\/\/arteliagroup.ca\/wp-content\/uploads\/2024\/11\/Projet-eolien-dans-le-Bas-Saint-Laurent_v.avif\" \/>\n\t<meta property=\"og:image:width\" content=\"400\" \/>\n\t<meta property=\"og:image:height\" content=\"400\" \/>\n\t<meta property=\"og:image:type\" content=\"image\/jpeg\" \/>\n<meta name=\"twitter:card\" content=\"summary_large_image\" \/>\n<meta name=\"twitter:label1\" content=\"Estimation du temps de lecture\" \/>\n\t<meta name=\"twitter:data1\" content=\"2 minutes\" \/>\n<script type=\"application\/ld+json\" class=\"yoast-schema-graph\">{\"@context\":\"https:\\\/\\\/schema.org\",\"@graph\":[{\"@type\":\"WebPage\",\"@id\":\"https:\\\/\\\/arteliagroup.ca\\\/fr\\\/projets\\\/projet-eolien-dans-le-bas-saint-laurent\\\/\",\"url\":\"https:\\\/\\\/arteliagroup.ca\\\/fr\\\/projets\\\/projet-eolien-dans-le-bas-saint-laurent\\\/\",\"name\":\"Projet \u00e9olien dans le Bas-Saint-Laurent - Artelia\",\"isPartOf\":{\"@id\":\"https:\\\/\\\/arteliagroup.ca\\\/fr\\\/#website\"},\"primaryImageOfPage\":{\"@id\":\"https:\\\/\\\/arteliagroup.ca\\\/fr\\\/projets\\\/projet-eolien-dans-le-bas-saint-laurent\\\/#primaryimage\"},\"image\":{\"@id\":\"https:\\\/\\\/arteliagroup.ca\\\/fr\\\/projets\\\/projet-eolien-dans-le-bas-saint-laurent\\\/#primaryimage\"},\"thumbnailUrl\":\"https:\\\/\\\/arteliagroup.ca\\\/wp-content\\\/uploads\\\/2024\\\/11\\\/Projet-eolien-dans-le-Bas-Saint-Laurent_v.avif\",\"datePublished\":\"2024-12-28T23:16:03+00:00\",\"dateModified\":\"2026-01-30T21:20:50+00:00\",\"description\":\"Un projet \u00e9olien qui permettra d'atteindre des cibles de carboneutralit\u00e9, en partenariat avec les communaut\u00e9s locales.\",\"breadcrumb\":{\"@id\":\"https:\\\/\\\/arteliagroup.ca\\\/fr\\\/projets\\\/projet-eolien-dans-le-bas-saint-laurent\\\/#breadcrumb\"},\"inLanguage\":\"fr-FR\",\"potentialAction\":[{\"@type\":\"ReadAction\",\"target\":[\"https:\\\/\\\/arteliagroup.ca\\\/fr\\\/projets\\\/projet-eolien-dans-le-bas-saint-laurent\\\/\"]}]},{\"@type\":\"ImageObject\",\"inLanguage\":\"fr-FR\",\"@id\":\"https:\\\/\\\/arteliagroup.ca\\\/fr\\\/projets\\\/projet-eolien-dans-le-bas-saint-laurent\\\/#primaryimage\",\"url\":\"https:\\\/\\\/arteliagroup.ca\\\/wp-content\\\/uploads\\\/2024\\\/11\\\/Projet-eolien-dans-le-Bas-Saint-Laurent_v.avif\",\"contentUrl\":\"https:\\\/\\\/arteliagroup.ca\\\/wp-content\\\/uploads\\\/2024\\\/11\\\/Projet-eolien-dans-le-Bas-Saint-Laurent_v.avif\",\"width\":400,\"height\":400,\"caption\":\"Un projet \u00e9olien qui permettra d'atteindre des cibles de carboneutralit\u00e9, en partenariat avec les communaut\u00e9s locales.\"},{\"@type\":\"BreadcrumbList\",\"@id\":\"https:\\\/\\\/arteliagroup.ca\\\/fr\\\/projets\\\/projet-eolien-dans-le-bas-saint-laurent\\\/#breadcrumb\",\"itemListElement\":[{\"@type\":\"ListItem\",\"position\":1,\"name\":\"Accueil\",\"item\":\"https:\\\/\\\/arteliagroup.ca\\\/fr\\\/\"},{\"@type\":\"ListItem\",\"position\":2,\"name\":\"Projet \u00e9olien dans le Bas-Saint-Laurent\"}]},{\"@type\":\"WebSite\",\"@id\":\"https:\\\/\\\/arteliagroup.ca\\\/fr\\\/#website\",\"url\":\"https:\\\/\\\/arteliagroup.ca\\\/fr\\\/\",\"name\":\"Artelia\",\"description\":\"CR\u00c9ER DES SOLUTIONS POUR UNE VIE POSITIVE\",\"publisher\":{\"@id\":\"https:\\\/\\\/arteliagroup.ca\\\/fr\\\/#organization\"},\"alternateName\":\"Artelia Canada\",\"potentialAction\":[{\"@type\":\"SearchAction\",\"target\":{\"@type\":\"EntryPoint\",\"urlTemplate\":\"https:\\\/\\\/arteliagroup.ca\\\/fr\\\/?s={search_term_string}\"},\"query-input\":{\"@type\":\"PropertyValueSpecification\",\"valueRequired\":true,\"valueName\":\"search_term_string\"}}],\"inLanguage\":\"fr-FR\"},{\"@type\":\"Organization\",\"@id\":\"https:\\\/\\\/arteliagroup.ca\\\/fr\\\/#organization\",\"name\":\"Artelia\",\"alternateName\":\"Artelia Canada\",\"url\":\"https:\\\/\\\/arteliagroup.ca\\\/fr\\\/\",\"logo\":{\"@type\":\"ImageObject\",\"inLanguage\":\"fr-FR\",\"@id\":\"https:\\\/\\\/arteliagroup.ca\\\/fr\\\/#\\\/schema\\\/logo\\\/image\\\/\",\"url\":\"https:\\\/\\\/arteliagroup.ca\\\/wp-content\\\/uploads\\\/2024\\\/07\\\/ARTELIA_couleur_WEB.svg\",\"contentUrl\":\"https:\\\/\\\/arteliagroup.ca\\\/wp-content\\\/uploads\\\/2024\\\/07\\\/ARTELIA_couleur_WEB.svg\",\"width\":300,\"height\":91,\"caption\":\"Artelia\"},\"image\":{\"@id\":\"https:\\\/\\\/arteliagroup.ca\\\/fr\\\/#\\\/schema\\\/logo\\\/image\\\/\"},\"sameAs\":[\"https:\\\/\\\/www.linkedin.com\\\/company\\\/artelia-canada\\\/\"]}]}<\/script>\n<!-- \/ Yoast SEO plugin. -->","yoast_head_json":{"title":"Projet \u00e9olien dans le Bas-Saint-Laurent - Artelia","description":"Un projet \u00e9olien qui permettra d'atteindre des cibles de carboneutralit\u00e9, en partenariat avec les communaut\u00e9s locales.","robots":{"index":"index","follow":"follow","max-snippet":"max-snippet:-1","max-image-preview":"max-image-preview:large","max-video-preview":"max-video-preview:-1"},"canonical":"https:\/\/arteliagroup.ca\/fr\/projets\/projet-eolien-dans-le-bas-saint-laurent\/","og_locale":"fr_CA","og_type":"article","og_title":"Projet \u00e9olien dans le Bas-Saint-Laurent - Artelia","og_description":"Un projet \u00e9olien qui permettra d'atteindre des cibles de carboneutralit\u00e9, en partenariat avec les communaut\u00e9s locales.","og_url":"https:\/\/arteliagroup.ca\/fr\/projets\/projet-eolien-dans-le-bas-saint-laurent\/","og_site_name":"Artelia","article_publisher":"https:\/\/www.linkedin.com\/company\/artelia-canada\/","article_modified_time":"2026-01-30T21:20:50+00:00","og_image":[{"width":400,"height":400,"url":"https:\/\/arteliagroup.ca\/wp-content\/uploads\/2024\/11\/Projet-eolien-dans-le-Bas-Saint-Laurent_v.avif","type":"image\/jpeg"}],"twitter_card":"summary_large_image","twitter_misc":{"Estimation du temps de lecture":"2 minutes"},"schema":{"@context":"https:\/\/schema.org","@graph":[{"@type":"WebPage","@id":"https:\/\/arteliagroup.ca\/fr\/projets\/projet-eolien-dans-le-bas-saint-laurent\/","url":"https:\/\/arteliagroup.ca\/fr\/projets\/projet-eolien-dans-le-bas-saint-laurent\/","name":"Projet \u00e9olien dans le Bas-Saint-Laurent - Artelia","isPartOf":{"@id":"https:\/\/arteliagroup.ca\/fr\/#website"},"primaryImageOfPage":{"@id":"https:\/\/arteliagroup.ca\/fr\/projets\/projet-eolien-dans-le-bas-saint-laurent\/#primaryimage"},"image":{"@id":"https:\/\/arteliagroup.ca\/fr\/projets\/projet-eolien-dans-le-bas-saint-laurent\/#primaryimage"},"thumbnailUrl":"https:\/\/arteliagroup.ca\/wp-content\/uploads\/2024\/11\/Projet-eolien-dans-le-Bas-Saint-Laurent_v.avif","datePublished":"2024-12-28T23:16:03+00:00","dateModified":"2026-01-30T21:20:50+00:00","description":"Un projet \u00e9olien qui permettra d'atteindre des cibles de carboneutralit\u00e9, en partenariat avec les communaut\u00e9s locales.","breadcrumb":{"@id":"https:\/\/arteliagroup.ca\/fr\/projets\/projet-eolien-dans-le-bas-saint-laurent\/#breadcrumb"},"inLanguage":"fr-FR","potentialAction":[{"@type":"ReadAction","target":["https:\/\/arteliagroup.ca\/fr\/projets\/projet-eolien-dans-le-bas-saint-laurent\/"]}]},{"@type":"ImageObject","inLanguage":"fr-FR","@id":"https:\/\/arteliagroup.ca\/fr\/projets\/projet-eolien-dans-le-bas-saint-laurent\/#primaryimage","url":"https:\/\/arteliagroup.ca\/wp-content\/uploads\/2024\/11\/Projet-eolien-dans-le-Bas-Saint-Laurent_v.avif","contentUrl":"https:\/\/arteliagroup.ca\/wp-content\/uploads\/2024\/11\/Projet-eolien-dans-le-Bas-Saint-Laurent_v.avif","width":400,"height":400,"caption":"Un projet \u00e9olien qui permettra d'atteindre des cibles de carboneutralit\u00e9, en partenariat avec les communaut\u00e9s locales."},{"@type":"BreadcrumbList","@id":"https:\/\/arteliagroup.ca\/fr\/projets\/projet-eolien-dans-le-bas-saint-laurent\/#breadcrumb","itemListElement":[{"@type":"ListItem","position":1,"name":"Accueil","item":"https:\/\/arteliagroup.ca\/fr\/"},{"@type":"ListItem","position":2,"name":"Projet \u00e9olien dans le Bas-Saint-Laurent"}]},{"@type":"WebSite","@id":"https:\/\/arteliagroup.ca\/fr\/#website","url":"https:\/\/arteliagroup.ca\/fr\/","name":"Artelia","description":"CR\u00c9ER DES SOLUTIONS POUR UNE VIE POSITIVE","publisher":{"@id":"https:\/\/arteliagroup.ca\/fr\/#organization"},"alternateName":"Artelia Canada","potentialAction":[{"@type":"SearchAction","target":{"@type":"EntryPoint","urlTemplate":"https:\/\/arteliagroup.ca\/fr\/?s={search_term_string}"},"query-input":{"@type":"PropertyValueSpecification","valueRequired":true,"valueName":"search_term_string"}}],"inLanguage":"fr-FR"},{"@type":"Organization","@id":"https:\/\/arteliagroup.ca\/fr\/#organization","name":"Artelia","alternateName":"Artelia Canada","url":"https:\/\/arteliagroup.ca\/fr\/","logo":{"@type":"ImageObject","inLanguage":"fr-FR","@id":"https:\/\/arteliagroup.ca\/fr\/#\/schema\/logo\/image\/","url":"https:\/\/arteliagroup.ca\/wp-content\/uploads\/2024\/07\/ARTELIA_couleur_WEB.svg","contentUrl":"https:\/\/arteliagroup.ca\/wp-content\/uploads\/2024\/07\/ARTELIA_couleur_WEB.svg","width":300,"height":91,"caption":"Artelia"},"image":{"@id":"https:\/\/arteliagroup.ca\/fr\/#\/schema\/logo\/image\/"},"sameAs":["https:\/\/www.linkedin.com\/company\/artelia-canada\/"]}]}},"_links":{"self":[{"href":"https:\/\/arteliagroup.ca\/fr\/wp-json\/wp\/v2\/projets\/16786","targetHints":{"allow":["GET"]}}],"collection":[{"href":"https:\/\/arteliagroup.ca\/fr\/wp-json\/wp\/v2\/projets"}],"about":[{"href":"https:\/\/arteliagroup.ca\/fr\/wp-json\/wp\/v2\/types\/projets"}],"version-history":[{"count":3,"href":"https:\/\/arteliagroup.ca\/fr\/wp-json\/wp\/v2\/projets\/16786\/revisions"}],"predecessor-version":[{"id":34529,"href":"https:\/\/arteliagroup.ca\/fr\/wp-json\/wp\/v2\/projets\/16786\/revisions\/34529"}],"wp:featuredmedia":[{"embeddable":true,"href":"https:\/\/arteliagroup.ca\/fr\/wp-json\/wp\/v2\/media\/16716"}],"wp:attachment":[{"href":"https:\/\/arteliagroup.ca\/fr\/wp-json\/wp\/v2\/media?parent=16786"}],"wp:term":[{"taxonomy":"domaines","embeddable":true,"href":"https:\/\/arteliagroup.ca\/fr\/wp-json\/wp\/v2\/domaines?post=16786"},{"taxonomy":"domaine-activite","embeddable":true,"href":"https:\/\/arteliagroup.ca\/fr\/wp-json\/wp\/v2\/domaine-activite?post=16786"},{"taxonomy":"enjeux","embeddable":true,"href":"https:\/\/arteliagroup.ca\/fr\/wp-json\/wp\/v2\/enjeux?post=16786"},{"taxonomy":"galerie","embeddable":true,"href":"https:\/\/arteliagroup.ca\/fr\/wp-json\/wp\/v2\/galerie?post=16786"},{"taxonomy":"pays","embeddable":true,"href":"https:\/\/arteliagroup.ca\/fr\/wp-json\/wp\/v2\/pays?post=16786"}],"curies":[{"name":"wp","href":"https:\/\/api.w.org\/{rel}","templated":true}]}}