{"id":19377,"date":"2024-12-04T10:13:13","date_gmt":"2024-12-04T15:13:13","guid":{"rendered":"https:\/\/arteliagroup.ca\/?post_type=projets&#038;p=19377"},"modified":"2026-02-10T14:56:36","modified_gmt":"2026-02-10T19:56:36","slug":"restauration-du-marais-de-la-meder","status":"publish","type":"projets","link":"https:\/\/arteliagroup.ca\/fr\/projets\/restauration-du-marais-de-la-meder\/","title":{"rendered":"Restauration du marais de la Meder"},"content":{"rendered":"","protected":false},"excerpt":{"rendered":"<p>Ce milieu humide devait \u00eatre restaur\u00e9 pour favoriser la conservation de sa biodiversit\u00e9 et contribuer \u00e0 la r\u00e9gulation climatique globale.<\/p>\n","protected":false},"featured_media":19225,"template":"","format":"standard","meta":{"_acf_changed":false},"domaines":[65,67],"domaine-activite":[118,115,119,117,131],"enjeux":[70],"galerie":[],"pays":[385],"class_list":["post-19377","projets","type-projets","status-publish","format-standard","has-post-thumbnail","hentry","domaines-eau","domaines-environnement-et-sciences-de-la-terre","domaine-activite-autorisations-et-etude-des-impacts-environnementaux","domaine-activite-geotechnique","domaine-activite-milieu-naturel-et-gestion-des-ecosystemes","domaine-activite-ouvrages-dadaptation-aux-changements-climatiques","domaine-activite-ouvrages-de-retenue","enjeux-resilience-climatique-et-biodiversite","pays-canada"],"acf":{"Citation":"La restauration d\u2019un milieu humide pour favoriser la biodiversit\u00e9 et am\u00e9liorer la r\u00e9silience face aux changements climatiques.","head_projet":19221,"projet_phare":19223,"prix":null,"copyright":"","description_projets":"Le marais de la Meder, un \u00e9cosyst\u00e8me fragile situ\u00e9 dans la r\u00e9gion de Coaticook, n\u00e9cessitait des interventions majeures pour pr\u00e9server ses fonctions \u00e9cologiques. \u00c0 la suite de la d\u00e9t\u00e9rioration de ses infrastructures hydrauliques, le projet visait \u00e0 reconnecter le marais au ruisseau de la Meder et \u00e0 maintenir un niveau d\u2019eau stable tout au long de l\u2019ann\u00e9e. Ces travaux ont permis de garantir la p\u00e9rennit\u00e9 des habitats fauniques et floristiques, tout en renfor\u00e7ant la valeur \u00e9cologique et \u00e9ducative du site. Ce projet est d\u2019autant plus marquant qu\u2019il a \u00e9t\u00e9 le premier \u00e0 b\u00e9n\u00e9ficier d\u2019une subvention du Programme de restauration et de cr\u00e9ation de milieux humides et hydriques (PRCMHH) au Qu\u00e9bec.\r\n\r\nMandat\u00e9e pour accompagner la Municipalit\u00e9 R\u00e9gionale de Comt\u00e9 de Coaticook, Artelia a finalis\u00e9 les plans et devis n\u00e9cessaires \u00e0 l\u2019am\u00e9nagement du marais, en veillant au respect des exigences techniques et environnementales. Nos services ont couvert toutes les \u00e9tapes critiques du projet : pr\u00e9paration des documents pour soumission, analyse des offres, \u00e9laboration des plans pour la construction, ainsi que l\u2019int\u00e9gration de solutions durables comme un d\u00e9versoir en bois imperm\u00e9abilis\u00e9 et des bassins de dissipation d\u2019\u00e9nergie. Ce projet, livr\u00e9 dans les d\u00e9lais et sous budget, repr\u00e9sente une vitrine de notre savoir-faire en gestion des \u00e9cosyst\u00e8mes naturels et en restauration \u00e9cologique.","Client":"Municipalit\u00e9 R\u00e9gionale de Comt\u00e9 de Coaticook","Lieu":"Coaticook","villes":"","gallery":[19231,19227,19229,19217,19219],"domaines_dactivite":"<a href=\"https:\/\/arteliagroup.ca\/fr\/nos-domaines\/environnement-et-sciences-de-la-terre\/autorisations-environnementales-et-etude-des-impacts-environnementaux\/\">Autorisations environnementales et \u00e9tude des impacts environnementaux<\/a>\r\n\r\n<a href=\"https:\/\/arteliagroup.ca\/fr\/nos-domaines\/environnement-et-sciences-de-la-terre\/geotechnique\/\">G\u00e9otechnique<\/a>\r\n\r\n<a href=\"https:\/\/arteliagroup.ca\/fr\/nos-domaines\/environnement-et-sciences-de-la-terre\/milieu-naturel-et-gestion-des-ecosystemes-naturels\/\">Milieu naturel et gestion des \u00e9cosyst\u00e8mes naturels<\/a>\r\n\r\n<a href=\"https:\/\/arteliagroup.ca\/fr\/nos-domaines\/environnement-et-sciences-de-la-terre\/ouvrages-dadaptation-aux-changements-climatiques\/\">Ouvrages d\u2019adaptation aux changements climatiques<\/a>\r\n\r\n<a href=\"https:\/\/arteliagroup.ca\/fr\/nos-domaines\/eau\/ouvrages-de-retenue\/\">Ouvrages de retenue<\/a>"},"yoast_head":"<!-- This site is optimized with the Yoast SEO plugin v27.4 - https:\/\/yoast.com\/product\/yoast-seo-wordpress\/ -->\n<title>Restauration du marais de la Meder - Artelia<\/title>\n<meta name=\"description\" content=\"Ce milieu humide devait \u00eatre restaur\u00e9 pour favoriser la conservation de sa biodiversit\u00e9 et contribuer \u00e0 la r\u00e9gulation climatique globale.\" \/>\n<meta name=\"robots\" content=\"index, follow, max-snippet:-1, max-image-preview:large, max-video-preview:-1\" \/>\n<link rel=\"canonical\" href=\"https:\/\/arteliagroup.ca\/fr\/projets\/restauration-du-marais-de-la-meder\/\" \/>\n<meta property=\"og:locale\" content=\"fr_CA\" \/>\n<meta property=\"og:type\" content=\"article\" \/>\n<meta property=\"og:title\" content=\"Restauration du marais de la Meder - Artelia\" \/>\n<meta property=\"og:description\" content=\"Ce milieu humide devait \u00eatre restaur\u00e9 pour favoriser la conservation de sa biodiversit\u00e9 et contribuer \u00e0 la r\u00e9gulation climatique globale.\" \/>\n<meta property=\"og:url\" content=\"https:\/\/arteliagroup.ca\/fr\/projets\/restauration-du-marais-de-la-meder\/\" \/>\n<meta property=\"og:site_name\" content=\"Artelia\" \/>\n<meta property=\"article:publisher\" content=\"https:\/\/www.linkedin.com\/company\/artelia-canada\/\" \/>\n<meta property=\"article:modified_time\" content=\"2026-02-10T19:56:36+00:00\" \/>\n<meta property=\"og:image\" content=\"https:\/\/arteliagroup.ca\/wp-content\/uploads\/2024\/12\/Marais-de-la-Meder_v.avif\" \/>\n\t<meta property=\"og:image:width\" content=\"400\" \/>\n\t<meta property=\"og:image:height\" content=\"400\" \/>\n\t<meta property=\"og:image:type\" content=\"image\/jpeg\" \/>\n<meta name=\"twitter:card\" content=\"summary_large_image\" \/>\n<meta name=\"twitter:label1\" content=\"Estimation du temps de lecture\" \/>\n\t<meta name=\"twitter:data1\" content=\"3 minutes\" \/>\n<script type=\"application\/ld+json\" class=\"yoast-schema-graph\">{\"@context\":\"https:\\\/\\\/schema.org\",\"@graph\":[{\"@type\":\"WebPage\",\"@id\":\"https:\\\/\\\/arteliagroup.ca\\\/fr\\\/projets\\\/restauration-du-marais-de-la-meder\\\/\",\"url\":\"https:\\\/\\\/arteliagroup.ca\\\/fr\\\/projets\\\/restauration-du-marais-de-la-meder\\\/\",\"name\":\"Restauration du marais de la Meder - Artelia\",\"isPartOf\":{\"@id\":\"https:\\\/\\\/arteliagroup.ca\\\/fr\\\/#website\"},\"primaryImageOfPage\":{\"@id\":\"https:\\\/\\\/arteliagroup.ca\\\/fr\\\/projets\\\/restauration-du-marais-de-la-meder\\\/#primaryimage\"},\"image\":{\"@id\":\"https:\\\/\\\/arteliagroup.ca\\\/fr\\\/projets\\\/restauration-du-marais-de-la-meder\\\/#primaryimage\"},\"thumbnailUrl\":\"https:\\\/\\\/arteliagroup.ca\\\/wp-content\\\/uploads\\\/2024\\\/12\\\/Marais-de-la-Meder_v.avif\",\"datePublished\":\"2024-12-04T15:13:13+00:00\",\"dateModified\":\"2026-02-10T19:56:36+00:00\",\"description\":\"Ce milieu humide devait \u00eatre restaur\u00e9 pour favoriser la conservation de sa biodiversit\u00e9 et contribuer \u00e0 la r\u00e9gulation climatique globale.\",\"breadcrumb\":{\"@id\":\"https:\\\/\\\/arteliagroup.ca\\\/fr\\\/projets\\\/restauration-du-marais-de-la-meder\\\/#breadcrumb\"},\"inLanguage\":\"fr-FR\",\"potentialAction\":[{\"@type\":\"ReadAction\",\"target\":[\"https:\\\/\\\/arteliagroup.ca\\\/fr\\\/projets\\\/restauration-du-marais-de-la-meder\\\/\"]}]},{\"@type\":\"ImageObject\",\"inLanguage\":\"fr-FR\",\"@id\":\"https:\\\/\\\/arteliagroup.ca\\\/fr\\\/projets\\\/restauration-du-marais-de-la-meder\\\/#primaryimage\",\"url\":\"https:\\\/\\\/arteliagroup.ca\\\/wp-content\\\/uploads\\\/2024\\\/12\\\/Marais-de-la-Meder_v.avif\",\"contentUrl\":\"https:\\\/\\\/arteliagroup.ca\\\/wp-content\\\/uploads\\\/2024\\\/12\\\/Marais-de-la-Meder_v.avif\",\"width\":400,\"height\":400,\"caption\":\"Ce milieu humide devait \u00eatre restaur\u00e9 pour favoriser la conservation de sa biodiversit\u00e9 et contribuer \u00e0 la r\u00e9gulation climatique globale.\"},{\"@type\":\"BreadcrumbList\",\"@id\":\"https:\\\/\\\/arteliagroup.ca\\\/fr\\\/projets\\\/restauration-du-marais-de-la-meder\\\/#breadcrumb\",\"itemListElement\":[{\"@type\":\"ListItem\",\"position\":1,\"name\":\"Accueil\",\"item\":\"https:\\\/\\\/arteliagroup.ca\\\/fr\\\/\"},{\"@type\":\"ListItem\",\"position\":2,\"name\":\"Restauration du marais de la Meder\"}]},{\"@type\":\"WebSite\",\"@id\":\"https:\\\/\\\/arteliagroup.ca\\\/fr\\\/#website\",\"url\":\"https:\\\/\\\/arteliagroup.ca\\\/fr\\\/\",\"name\":\"Artelia\",\"description\":\"CR\u00c9ER DES SOLUTIONS POUR UNE VIE POSITIVE\",\"publisher\":{\"@id\":\"https:\\\/\\\/arteliagroup.ca\\\/fr\\\/#organization\"},\"alternateName\":\"Artelia Canada\",\"potentialAction\":[{\"@type\":\"SearchAction\",\"target\":{\"@type\":\"EntryPoint\",\"urlTemplate\":\"https:\\\/\\\/arteliagroup.ca\\\/fr\\\/?s={search_term_string}\"},\"query-input\":{\"@type\":\"PropertyValueSpecification\",\"valueRequired\":true,\"valueName\":\"search_term_string\"}}],\"inLanguage\":\"fr-FR\"},{\"@type\":\"Organization\",\"@id\":\"https:\\\/\\\/arteliagroup.ca\\\/fr\\\/#organization\",\"name\":\"Artelia\",\"alternateName\":\"Artelia Canada\",\"url\":\"https:\\\/\\\/arteliagroup.ca\\\/fr\\\/\",\"logo\":{\"@type\":\"ImageObject\",\"inLanguage\":\"fr-FR\",\"@id\":\"https:\\\/\\\/arteliagroup.ca\\\/fr\\\/#\\\/schema\\\/logo\\\/image\\\/\",\"url\":\"https:\\\/\\\/arteliagroup.ca\\\/wp-content\\\/uploads\\\/2024\\\/07\\\/ARTELIA_couleur_WEB.svg\",\"contentUrl\":\"https:\\\/\\\/arteliagroup.ca\\\/wp-content\\\/uploads\\\/2024\\\/07\\\/ARTELIA_couleur_WEB.svg\",\"width\":300,\"height\":91,\"caption\":\"Artelia\"},\"image\":{\"@id\":\"https:\\\/\\\/arteliagroup.ca\\\/fr\\\/#\\\/schema\\\/logo\\\/image\\\/\"},\"sameAs\":[\"https:\\\/\\\/www.linkedin.com\\\/company\\\/artelia-canada\\\/\"]}]}<\/script>\n<!-- \/ Yoast SEO plugin. -->","yoast_head_json":{"title":"Restauration du marais de la Meder - Artelia","description":"Ce milieu humide devait \u00eatre restaur\u00e9 pour favoriser la conservation de sa biodiversit\u00e9 et contribuer \u00e0 la r\u00e9gulation climatique globale.","robots":{"index":"index","follow":"follow","max-snippet":"max-snippet:-1","max-image-preview":"max-image-preview:large","max-video-preview":"max-video-preview:-1"},"canonical":"https:\/\/arteliagroup.ca\/fr\/projets\/restauration-du-marais-de-la-meder\/","og_locale":"fr_CA","og_type":"article","og_title":"Restauration du marais de la Meder - Artelia","og_description":"Ce milieu humide devait \u00eatre restaur\u00e9 pour favoriser la conservation de sa biodiversit\u00e9 et contribuer \u00e0 la r\u00e9gulation climatique globale.","og_url":"https:\/\/arteliagroup.ca\/fr\/projets\/restauration-du-marais-de-la-meder\/","og_site_name":"Artelia","article_publisher":"https:\/\/www.linkedin.com\/company\/artelia-canada\/","article_modified_time":"2026-02-10T19:56:36+00:00","og_image":[{"width":400,"height":400,"url":"https:\/\/arteliagroup.ca\/wp-content\/uploads\/2024\/12\/Marais-de-la-Meder_v.avif","type":"image\/jpeg"}],"twitter_card":"summary_large_image","twitter_misc":{"Estimation du temps de lecture":"3 minutes"},"schema":{"@context":"https:\/\/schema.org","@graph":[{"@type":"WebPage","@id":"https:\/\/arteliagroup.ca\/fr\/projets\/restauration-du-marais-de-la-meder\/","url":"https:\/\/arteliagroup.ca\/fr\/projets\/restauration-du-marais-de-la-meder\/","name":"Restauration du marais de la Meder - Artelia","isPartOf":{"@id":"https:\/\/arteliagroup.ca\/fr\/#website"},"primaryImageOfPage":{"@id":"https:\/\/arteliagroup.ca\/fr\/projets\/restauration-du-marais-de-la-meder\/#primaryimage"},"image":{"@id":"https:\/\/arteliagroup.ca\/fr\/projets\/restauration-du-marais-de-la-meder\/#primaryimage"},"thumbnailUrl":"https:\/\/arteliagroup.ca\/wp-content\/uploads\/2024\/12\/Marais-de-la-Meder_v.avif","datePublished":"2024-12-04T15:13:13+00:00","dateModified":"2026-02-10T19:56:36+00:00","description":"Ce milieu humide devait \u00eatre restaur\u00e9 pour favoriser la conservation de sa biodiversit\u00e9 et contribuer \u00e0 la r\u00e9gulation climatique globale.","breadcrumb":{"@id":"https:\/\/arteliagroup.ca\/fr\/projets\/restauration-du-marais-de-la-meder\/#breadcrumb"},"inLanguage":"fr-FR","potentialAction":[{"@type":"ReadAction","target":["https:\/\/arteliagroup.ca\/fr\/projets\/restauration-du-marais-de-la-meder\/"]}]},{"@type":"ImageObject","inLanguage":"fr-FR","@id":"https:\/\/arteliagroup.ca\/fr\/projets\/restauration-du-marais-de-la-meder\/#primaryimage","url":"https:\/\/arteliagroup.ca\/wp-content\/uploads\/2024\/12\/Marais-de-la-Meder_v.avif","contentUrl":"https:\/\/arteliagroup.ca\/wp-content\/uploads\/2024\/12\/Marais-de-la-Meder_v.avif","width":400,"height":400,"caption":"Ce milieu humide devait \u00eatre restaur\u00e9 pour favoriser la conservation de sa biodiversit\u00e9 et contribuer \u00e0 la r\u00e9gulation climatique globale."},{"@type":"BreadcrumbList","@id":"https:\/\/arteliagroup.ca\/fr\/projets\/restauration-du-marais-de-la-meder\/#breadcrumb","itemListElement":[{"@type":"ListItem","position":1,"name":"Accueil","item":"https:\/\/arteliagroup.ca\/fr\/"},{"@type":"ListItem","position":2,"name":"Restauration du marais de la Meder"}]},{"@type":"WebSite","@id":"https:\/\/arteliagroup.ca\/fr\/#website","url":"https:\/\/arteliagroup.ca\/fr\/","name":"Artelia","description":"CR\u00c9ER DES SOLUTIONS POUR UNE VIE POSITIVE","publisher":{"@id":"https:\/\/arteliagroup.ca\/fr\/#organization"},"alternateName":"Artelia Canada","potentialAction":[{"@type":"SearchAction","target":{"@type":"EntryPoint","urlTemplate":"https:\/\/arteliagroup.ca\/fr\/?s={search_term_string}"},"query-input":{"@type":"PropertyValueSpecification","valueRequired":true,"valueName":"search_term_string"}}],"inLanguage":"fr-FR"},{"@type":"Organization","@id":"https:\/\/arteliagroup.ca\/fr\/#organization","name":"Artelia","alternateName":"Artelia Canada","url":"https:\/\/arteliagroup.ca\/fr\/","logo":{"@type":"ImageObject","inLanguage":"fr-FR","@id":"https:\/\/arteliagroup.ca\/fr\/#\/schema\/logo\/image\/","url":"https:\/\/arteliagroup.ca\/wp-content\/uploads\/2024\/07\/ARTELIA_couleur_WEB.svg","contentUrl":"https:\/\/arteliagroup.ca\/wp-content\/uploads\/2024\/07\/ARTELIA_couleur_WEB.svg","width":300,"height":91,"caption":"Artelia"},"image":{"@id":"https:\/\/arteliagroup.ca\/fr\/#\/schema\/logo\/image\/"},"sameAs":["https:\/\/www.linkedin.com\/company\/artelia-canada\/"]}]}},"_links":{"self":[{"href":"https:\/\/arteliagroup.ca\/fr\/wp-json\/wp\/v2\/projets\/19377","targetHints":{"allow":["GET"]}}],"collection":[{"href":"https:\/\/arteliagroup.ca\/fr\/wp-json\/wp\/v2\/projets"}],"about":[{"href":"https:\/\/arteliagroup.ca\/fr\/wp-json\/wp\/v2\/types\/projets"}],"version-history":[{"count":4,"href":"https:\/\/arteliagroup.ca\/fr\/wp-json\/wp\/v2\/projets\/19377\/revisions"}],"predecessor-version":[{"id":34927,"href":"https:\/\/arteliagroup.ca\/fr\/wp-json\/wp\/v2\/projets\/19377\/revisions\/34927"}],"acf:attachment":[{"embeddable":true,"href":"https:\/\/arteliagroup.ca\/fr\/wp-json\/wp\/v2\/media\/19219"},{"embeddable":true,"href":"https:\/\/arteliagroup.ca\/fr\/wp-json\/wp\/v2\/media\/19217"},{"embeddable":true,"href":"https:\/\/arteliagroup.ca\/fr\/wp-json\/wp\/v2\/media\/19229"},{"embeddable":true,"href":"https:\/\/arteliagroup.ca\/fr\/wp-json\/wp\/v2\/media\/19227"},{"embeddable":true,"href":"https:\/\/arteliagroup.ca\/fr\/wp-json\/wp\/v2\/media\/19231"}],"wp:featuredmedia":[{"embeddable":true,"href":"https:\/\/arteliagroup.ca\/fr\/wp-json\/wp\/v2\/media\/19225"}],"wp:attachment":[{"href":"https:\/\/arteliagroup.ca\/fr\/wp-json\/wp\/v2\/media?parent=19377"}],"wp:term":[{"taxonomy":"domaines","embeddable":true,"href":"https:\/\/arteliagroup.ca\/fr\/wp-json\/wp\/v2\/domaines?post=19377"},{"taxonomy":"domaine-activite","embeddable":true,"href":"https:\/\/arteliagroup.ca\/fr\/wp-json\/wp\/v2\/domaine-activite?post=19377"},{"taxonomy":"enjeux","embeddable":true,"href":"https:\/\/arteliagroup.ca\/fr\/wp-json\/wp\/v2\/enjeux?post=19377"},{"taxonomy":"galerie","embeddable":true,"href":"https:\/\/arteliagroup.ca\/fr\/wp-json\/wp\/v2\/galerie?post=19377"},{"taxonomy":"pays","embeddable":true,"href":"https:\/\/arteliagroup.ca\/fr\/wp-json\/wp\/v2\/pays?post=19377"}],"curies":[{"name":"wp","href":"https:\/\/api.w.org\/{rel}","templated":true}]}}