{"id":19547,"date":"2024-12-28T20:26:30","date_gmt":"2024-12-29T01:26:30","guid":{"rendered":"https:\/\/arteliagroup.ca\/?post_type=projets&#038;p=19547"},"modified":"2026-01-30T16:25:15","modified_gmt":"2026-01-30T21:25:15","slug":"stabilisation-des-berges-du-parc-de-la-plage-jacques-cartier","status":"publish","type":"projets","link":"https:\/\/arteliagroup.ca\/fr\/projets\/stabilisation-des-berges-du-parc-de-la-plage-jacques-cartier\/","title":{"rendered":"Stabilisation des berges du parc de la Plage-Jacques-Cartier"},"content":{"rendered":"","protected":false},"excerpt":{"rendered":"<p>L\u2019objectif \u00e9tait de pr\u00e9server ce milieu et de s\u00e9curiser les infrastructures tout en minimisant l&rsquo;impact environnemental.<\/p>\n","protected":false},"featured_media":19327,"template":"","format":"standard","meta":{"_acf_changed":false},"domaines":[65,67],"domaine-activite":[326,325,118,115,119,117,130],"enjeux":[75,70],"galerie":[],"pays":[385],"class_list":["post-19547","projets","type-projets","status-publish","format-standard","has-post-thumbnail","hentry","domaines-eau","domaines-environnement-et-sciences-de-la-terre","domaine-activite-architecture-de-paysage-et-design-urbain","domaine-activite-arpentage-et-acquisition-de-donnees","domaine-activite-autorisations-et-etude-des-impacts-environnementaux","domaine-activite-geotechnique","domaine-activite-milieu-naturel-et-gestion-des-ecosystemes","domaine-activite-ouvrages-dadaptation-aux-changements-climatiques","domaine-activite-protection-des-rives-et-des-berges","enjeux-mieux-vivre-en-ville","enjeux-resilience-climatique-et-biodiversite","pays-canada"],"acf":{"Citation":"Concevoir et mettre en \u0153uvre des solutions innovantes pour prot\u00e9ger les berges tout en valorisant un paysage naturel embl\u00e9matique.","head_projet":19323,"projet_phare":19325,"prix":null,"copyright":"\u00a9 Artelia","description_projets":"Situ\u00e9 dans l\u2019arrondissement de Sainte-Foy\u2013Sillery\u2013Cap-Rouge, \u00e0 Qu\u00e9bec, le parc de la Plage-Jacques-Cartier est un joyau naturel offrant un acc\u00e8s privil\u00e9gi\u00e9 au fleuve Saint-Laurent. Long de 2,6 km, ce parc est bord\u00e9 par des falaises rocheuses imposantes et une plage encore intacte, essentielle \u00e0 la biodiversit\u00e9 et aux panoramas spectaculaires de la r\u00e9gion. Face \u00e0 l\u2019\u00e9rosion croissante, la Ville de Qu\u00e9bec a lanc\u00e9 un vaste projet pour stabiliser 1\u2009215 m\u00e8tres de berges, divis\u00e9 en deux phases. L\u2019objectif : pr\u00e9server ce milieu unique, s\u00e9curiser les infrastructures et garantir la p\u00e9rennit\u00e9 de ce site pris\u00e9 des citoyens, tout en minimisant l'impact environnemental et en valorisant les \u00e9cosyst\u00e8mes riverains.\r\n\r\nMandat\u00e9e par la Ville de Qu\u00e9bec, Artelia a mobilis\u00e9 une \u00e9quipe sp\u00e9cialis\u00e9e en \u00e9co-ing\u00e9nierie, architecture de paysage et environnement pour concevoir et mettre en \u0153uvre des solutions innovantes de stabilisation des berges. Nos interventions comprenaient des relev\u00e9s topographiques pr\u00e9cis par drone, des analyses de faisabilit\u00e9 approfondies et la cr\u00e9ation d'enrochements v\u00e9g\u00e9talis\u00e9s combinant r\u00e9sistance structurelle et int\u00e9gration \u00e9cologique. Nous avons \u00e9galement d\u00e9velopp\u00e9 des plans de remise en \u00e9tat mettant l\u2019accent sur la renaturalisation du site avec des esp\u00e8ces indig\u00e8nes, tout en respectant les exigences strictes du MELCCFP. En travaillant dans des conditions hivernales exigeantes, nos \u00e9quipes ont \u00e9labor\u00e9 des techniques novatrices pour prot\u00e9ger les berges tout en minimisant les impacts sur l\u2019environnement et en pr\u00e9servant les paysages embl\u00e9matiques du fleuve.\r\n\r\nEn compl\u00e9ment, les travaux incluaient la r\u00e9fection du sentier principal de la plage, la redisposition du mobilier urbain et de l\u2019\u00e9clairage public ainsi que l\u2019am\u00e9lioration de la composition v\u00e9g\u00e9tale de la bande riveraine, renfor\u00e7ant ainsi la fonctionnalit\u00e9 et l\u2019esth\u00e9tique naturelle de cet espace exceptionnel.","Client":"Ville de Qu\u00e9bec","Lieu":"Qu\u00e9bec","villes":"","gallery":[19331,19333,19335,19337,19321,19329],"domaines_dactivite":"<a href=\"https:\/\/arteliagroup.ca\/fr\/nos-domaines\/environnement-et-sciences-de-la-terre\/architecture-de-paysage-et-design-urbain\/\">Architecture de paysage et design urbain<\/a>\r\n\r\n<a href=\"https:\/\/arteliagroup.ca\/fr\/nos-domaines\/mobilite\/arpentage-et-acquisition-de-donnees\/\">Arpentage et acquisition de donn\u00e9es<\/a>\r\n\r\n<a href=\"https:\/\/arteliagroup.ca\/fr\/nos-domaines\/environnement-et-sciences-de-la-terre\/autorisations-environnementales-et-etude-des-impacts-environnementaux\/\">Autorisations environnementales et \u00e9tude des impacts environnementaux<\/a>\r\n\r\n<a href=\"https:\/\/arteliagroup.ca\/fr\/nos-domaines\/environnement-et-sciences-de-la-terre\/geotechnique\/\">G\u00e9otechnique<\/a>\r\n\r\n<a href=\"https:\/\/arteliagroup.ca\/fr\/nos-domaines\/environnement-et-sciences-de-la-terre\/milieu-naturel-et-gestion-des-ecosystemes-naturels\/\">Milieu naturel et gestion des \u00e9cosyst\u00e8mes naturels<\/a>\r\n\r\n<a href=\"https:\/\/arteliagroup.ca\/fr\/nos-domaines\/environnement-et-sciences-de-la-terre\/ouvrages-dadaptation-aux-changements-climatiques\/\">Ouvrages d\u2019adaptation aux changements climatiques<\/a>\r\n\r\n<a href=\"https:\/\/arteliagroup.ca\/fr\/nos-domaines\/eau\/protection-des-rives-et-des-berges\/\">Protection des rives et des berges<\/a>\r\n\r\n&nbsp;"},"yoast_head":"<!-- This site is optimized with the Yoast SEO plugin v27.5 - https:\/\/yoast.com\/product\/yoast-seo-wordpress\/ -->\n<title>Stabilisation des berges du parc de la Plage-Jacques-Cartier - Artelia<\/title>\n<meta name=\"description\" content=\"L\u2019objectif \u00e9tait de pr\u00e9server ce milieu et de s\u00e9curiser les infrastructures tout en minimisant l&#039;impact environnemental.\" \/>\n<meta name=\"robots\" content=\"index, follow, max-snippet:-1, max-image-preview:large, max-video-preview:-1\" \/>\n<link rel=\"canonical\" href=\"https:\/\/arteliagroup.ca\/fr\/projets\/stabilisation-des-berges-du-parc-de-la-plage-jacques-cartier\/\" \/>\n<meta property=\"og:locale\" content=\"fr_CA\" \/>\n<meta property=\"og:type\" content=\"article\" \/>\n<meta property=\"og:title\" content=\"Stabilisation des berges du parc de la Plage-Jacques-Cartier - Artelia\" \/>\n<meta property=\"og:description\" content=\"L\u2019objectif \u00e9tait de pr\u00e9server ce milieu et de s\u00e9curiser les infrastructures tout en minimisant l&#039;impact environnemental.\" \/>\n<meta property=\"og:url\" content=\"https:\/\/arteliagroup.ca\/fr\/projets\/stabilisation-des-berges-du-parc-de-la-plage-jacques-cartier\/\" \/>\n<meta property=\"og:site_name\" content=\"Artelia\" \/>\n<meta property=\"article:publisher\" content=\"https:\/\/www.linkedin.com\/company\/artelia-canada\/\" \/>\n<meta property=\"article:modified_time\" content=\"2026-01-30T21:25:15+00:00\" \/>\n<meta property=\"og:image\" content=\"https:\/\/arteliagroup.ca\/wp-content\/uploads\/2024\/12\/Stabilisation-des-berges-du-parc-de-la-Plage-Jacques-Cartier_v.avif\" \/>\n\t<meta property=\"og:image:width\" content=\"400\" \/>\n\t<meta property=\"og:image:height\" content=\"400\" \/>\n\t<meta property=\"og:image:type\" content=\"image\/jpeg\" \/>\n<meta name=\"twitter:card\" content=\"summary_large_image\" \/>\n<meta name=\"twitter:label1\" content=\"Estimation du temps de lecture\" \/>\n\t<meta name=\"twitter:data1\" content=\"4 minutes\" \/>\n<script type=\"application\/ld+json\" class=\"yoast-schema-graph\">{\"@context\":\"https:\\\/\\\/schema.org\",\"@graph\":[{\"@type\":\"WebPage\",\"@id\":\"https:\\\/\\\/arteliagroup.ca\\\/fr\\\/projets\\\/stabilisation-des-berges-du-parc-de-la-plage-jacques-cartier\\\/\",\"url\":\"https:\\\/\\\/arteliagroup.ca\\\/fr\\\/projets\\\/stabilisation-des-berges-du-parc-de-la-plage-jacques-cartier\\\/\",\"name\":\"Stabilisation des berges du parc de la Plage-Jacques-Cartier - Artelia\",\"isPartOf\":{\"@id\":\"https:\\\/\\\/arteliagroup.ca\\\/fr\\\/#website\"},\"primaryImageOfPage\":{\"@id\":\"https:\\\/\\\/arteliagroup.ca\\\/fr\\\/projets\\\/stabilisation-des-berges-du-parc-de-la-plage-jacques-cartier\\\/#primaryimage\"},\"image\":{\"@id\":\"https:\\\/\\\/arteliagroup.ca\\\/fr\\\/projets\\\/stabilisation-des-berges-du-parc-de-la-plage-jacques-cartier\\\/#primaryimage\"},\"thumbnailUrl\":\"https:\\\/\\\/arteliagroup.ca\\\/wp-content\\\/uploads\\\/2024\\\/12\\\/Stabilisation-des-berges-du-parc-de-la-Plage-Jacques-Cartier_v.avif\",\"datePublished\":\"2024-12-29T01:26:30+00:00\",\"dateModified\":\"2026-01-30T21:25:15+00:00\",\"description\":\"L\u2019objectif \u00e9tait de pr\u00e9server ce milieu et de s\u00e9curiser les infrastructures tout en minimisant l'impact environnemental.\",\"breadcrumb\":{\"@id\":\"https:\\\/\\\/arteliagroup.ca\\\/fr\\\/projets\\\/stabilisation-des-berges-du-parc-de-la-plage-jacques-cartier\\\/#breadcrumb\"},\"inLanguage\":\"fr-FR\",\"potentialAction\":[{\"@type\":\"ReadAction\",\"target\":[\"https:\\\/\\\/arteliagroup.ca\\\/fr\\\/projets\\\/stabilisation-des-berges-du-parc-de-la-plage-jacques-cartier\\\/\"]}]},{\"@type\":\"ImageObject\",\"inLanguage\":\"fr-FR\",\"@id\":\"https:\\\/\\\/arteliagroup.ca\\\/fr\\\/projets\\\/stabilisation-des-berges-du-parc-de-la-plage-jacques-cartier\\\/#primaryimage\",\"url\":\"https:\\\/\\\/arteliagroup.ca\\\/wp-content\\\/uploads\\\/2024\\\/12\\\/Stabilisation-des-berges-du-parc-de-la-Plage-Jacques-Cartier_v.avif\",\"contentUrl\":\"https:\\\/\\\/arteliagroup.ca\\\/wp-content\\\/uploads\\\/2024\\\/12\\\/Stabilisation-des-berges-du-parc-de-la-Plage-Jacques-Cartier_v.avif\",\"width\":400,\"height\":400,\"caption\":\"L\u2019objectif \u00e9tait de pr\u00e9server ce milieu et de s\u00e9curiser les infrastructures tout en minimisant l'impact environnemental.\"},{\"@type\":\"BreadcrumbList\",\"@id\":\"https:\\\/\\\/arteliagroup.ca\\\/fr\\\/projets\\\/stabilisation-des-berges-du-parc-de-la-plage-jacques-cartier\\\/#breadcrumb\",\"itemListElement\":[{\"@type\":\"ListItem\",\"position\":1,\"name\":\"Accueil\",\"item\":\"https:\\\/\\\/arteliagroup.ca\\\/fr\\\/\"},{\"@type\":\"ListItem\",\"position\":2,\"name\":\"Stabilisation des berges du parc de la Plage-Jacques-Cartier\"}]},{\"@type\":\"WebSite\",\"@id\":\"https:\\\/\\\/arteliagroup.ca\\\/fr\\\/#website\",\"url\":\"https:\\\/\\\/arteliagroup.ca\\\/fr\\\/\",\"name\":\"Artelia\",\"description\":\"CR\u00c9ER DES SOLUTIONS POUR UNE VIE POSITIVE\",\"publisher\":{\"@id\":\"https:\\\/\\\/arteliagroup.ca\\\/fr\\\/#organization\"},\"alternateName\":\"Artelia Canada\",\"potentialAction\":[{\"@type\":\"SearchAction\",\"target\":{\"@type\":\"EntryPoint\",\"urlTemplate\":\"https:\\\/\\\/arteliagroup.ca\\\/fr\\\/?s={search_term_string}\"},\"query-input\":{\"@type\":\"PropertyValueSpecification\",\"valueRequired\":true,\"valueName\":\"search_term_string\"}}],\"inLanguage\":\"fr-FR\"},{\"@type\":\"Organization\",\"@id\":\"https:\\\/\\\/arteliagroup.ca\\\/fr\\\/#organization\",\"name\":\"Artelia\",\"alternateName\":\"Artelia Canada\",\"url\":\"https:\\\/\\\/arteliagroup.ca\\\/fr\\\/\",\"logo\":{\"@type\":\"ImageObject\",\"inLanguage\":\"fr-FR\",\"@id\":\"https:\\\/\\\/arteliagroup.ca\\\/fr\\\/#\\\/schema\\\/logo\\\/image\\\/\",\"url\":\"https:\\\/\\\/arteliagroup.ca\\\/wp-content\\\/uploads\\\/2024\\\/07\\\/ARTELIA_couleur_WEB.svg\",\"contentUrl\":\"https:\\\/\\\/arteliagroup.ca\\\/wp-content\\\/uploads\\\/2024\\\/07\\\/ARTELIA_couleur_WEB.svg\",\"width\":300,\"height\":91,\"caption\":\"Artelia\"},\"image\":{\"@id\":\"https:\\\/\\\/arteliagroup.ca\\\/fr\\\/#\\\/schema\\\/logo\\\/image\\\/\"},\"sameAs\":[\"https:\\\/\\\/www.linkedin.com\\\/company\\\/artelia-canada\\\/\"]}]}<\/script>\n<!-- \/ Yoast SEO plugin. -->","yoast_head_json":{"title":"Stabilisation des berges du parc de la Plage-Jacques-Cartier - Artelia","description":"L\u2019objectif \u00e9tait de pr\u00e9server ce milieu et de s\u00e9curiser les infrastructures tout en minimisant l'impact environnemental.","robots":{"index":"index","follow":"follow","max-snippet":"max-snippet:-1","max-image-preview":"max-image-preview:large","max-video-preview":"max-video-preview:-1"},"canonical":"https:\/\/arteliagroup.ca\/fr\/projets\/stabilisation-des-berges-du-parc-de-la-plage-jacques-cartier\/","og_locale":"fr_CA","og_type":"article","og_title":"Stabilisation des berges du parc de la Plage-Jacques-Cartier - Artelia","og_description":"L\u2019objectif \u00e9tait de pr\u00e9server ce milieu et de s\u00e9curiser les infrastructures tout en minimisant l'impact environnemental.","og_url":"https:\/\/arteliagroup.ca\/fr\/projets\/stabilisation-des-berges-du-parc-de-la-plage-jacques-cartier\/","og_site_name":"Artelia","article_publisher":"https:\/\/www.linkedin.com\/company\/artelia-canada\/","article_modified_time":"2026-01-30T21:25:15+00:00","og_image":[{"width":400,"height":400,"url":"https:\/\/arteliagroup.ca\/wp-content\/uploads\/2024\/12\/Stabilisation-des-berges-du-parc-de-la-Plage-Jacques-Cartier_v.avif","type":"image\/jpeg"}],"twitter_card":"summary_large_image","twitter_misc":{"Estimation du temps de lecture":"4 minutes"},"schema":{"@context":"https:\/\/schema.org","@graph":[{"@type":"WebPage","@id":"https:\/\/arteliagroup.ca\/fr\/projets\/stabilisation-des-berges-du-parc-de-la-plage-jacques-cartier\/","url":"https:\/\/arteliagroup.ca\/fr\/projets\/stabilisation-des-berges-du-parc-de-la-plage-jacques-cartier\/","name":"Stabilisation des berges du parc de la Plage-Jacques-Cartier - Artelia","isPartOf":{"@id":"https:\/\/arteliagroup.ca\/fr\/#website"},"primaryImageOfPage":{"@id":"https:\/\/arteliagroup.ca\/fr\/projets\/stabilisation-des-berges-du-parc-de-la-plage-jacques-cartier\/#primaryimage"},"image":{"@id":"https:\/\/arteliagroup.ca\/fr\/projets\/stabilisation-des-berges-du-parc-de-la-plage-jacques-cartier\/#primaryimage"},"thumbnailUrl":"https:\/\/arteliagroup.ca\/wp-content\/uploads\/2024\/12\/Stabilisation-des-berges-du-parc-de-la-Plage-Jacques-Cartier_v.avif","datePublished":"2024-12-29T01:26:30+00:00","dateModified":"2026-01-30T21:25:15+00:00","description":"L\u2019objectif \u00e9tait de pr\u00e9server ce milieu et de s\u00e9curiser les infrastructures tout en minimisant l'impact environnemental.","breadcrumb":{"@id":"https:\/\/arteliagroup.ca\/fr\/projets\/stabilisation-des-berges-du-parc-de-la-plage-jacques-cartier\/#breadcrumb"},"inLanguage":"fr-FR","potentialAction":[{"@type":"ReadAction","target":["https:\/\/arteliagroup.ca\/fr\/projets\/stabilisation-des-berges-du-parc-de-la-plage-jacques-cartier\/"]}]},{"@type":"ImageObject","inLanguage":"fr-FR","@id":"https:\/\/arteliagroup.ca\/fr\/projets\/stabilisation-des-berges-du-parc-de-la-plage-jacques-cartier\/#primaryimage","url":"https:\/\/arteliagroup.ca\/wp-content\/uploads\/2024\/12\/Stabilisation-des-berges-du-parc-de-la-Plage-Jacques-Cartier_v.avif","contentUrl":"https:\/\/arteliagroup.ca\/wp-content\/uploads\/2024\/12\/Stabilisation-des-berges-du-parc-de-la-Plage-Jacques-Cartier_v.avif","width":400,"height":400,"caption":"L\u2019objectif \u00e9tait de pr\u00e9server ce milieu et de s\u00e9curiser les infrastructures tout en minimisant l'impact environnemental."},{"@type":"BreadcrumbList","@id":"https:\/\/arteliagroup.ca\/fr\/projets\/stabilisation-des-berges-du-parc-de-la-plage-jacques-cartier\/#breadcrumb","itemListElement":[{"@type":"ListItem","position":1,"name":"Accueil","item":"https:\/\/arteliagroup.ca\/fr\/"},{"@type":"ListItem","position":2,"name":"Stabilisation des berges du parc de la Plage-Jacques-Cartier"}]},{"@type":"WebSite","@id":"https:\/\/arteliagroup.ca\/fr\/#website","url":"https:\/\/arteliagroup.ca\/fr\/","name":"Artelia","description":"CR\u00c9ER DES SOLUTIONS POUR UNE VIE POSITIVE","publisher":{"@id":"https:\/\/arteliagroup.ca\/fr\/#organization"},"alternateName":"Artelia Canada","potentialAction":[{"@type":"SearchAction","target":{"@type":"EntryPoint","urlTemplate":"https:\/\/arteliagroup.ca\/fr\/?s={search_term_string}"},"query-input":{"@type":"PropertyValueSpecification","valueRequired":true,"valueName":"search_term_string"}}],"inLanguage":"fr-FR"},{"@type":"Organization","@id":"https:\/\/arteliagroup.ca\/fr\/#organization","name":"Artelia","alternateName":"Artelia Canada","url":"https:\/\/arteliagroup.ca\/fr\/","logo":{"@type":"ImageObject","inLanguage":"fr-FR","@id":"https:\/\/arteliagroup.ca\/fr\/#\/schema\/logo\/image\/","url":"https:\/\/arteliagroup.ca\/wp-content\/uploads\/2024\/07\/ARTELIA_couleur_WEB.svg","contentUrl":"https:\/\/arteliagroup.ca\/wp-content\/uploads\/2024\/07\/ARTELIA_couleur_WEB.svg","width":300,"height":91,"caption":"Artelia"},"image":{"@id":"https:\/\/arteliagroup.ca\/fr\/#\/schema\/logo\/image\/"},"sameAs":["https:\/\/www.linkedin.com\/company\/artelia-canada\/"]}]}},"_links":{"self":[{"href":"https:\/\/arteliagroup.ca\/fr\/wp-json\/wp\/v2\/projets\/19547","targetHints":{"allow":["GET"]}}],"collection":[{"href":"https:\/\/arteliagroup.ca\/fr\/wp-json\/wp\/v2\/projets"}],"about":[{"href":"https:\/\/arteliagroup.ca\/fr\/wp-json\/wp\/v2\/types\/projets"}],"version-history":[{"count":5,"href":"https:\/\/arteliagroup.ca\/fr\/wp-json\/wp\/v2\/projets\/19547\/revisions"}],"predecessor-version":[{"id":34530,"href":"https:\/\/arteliagroup.ca\/fr\/wp-json\/wp\/v2\/projets\/19547\/revisions\/34530"}],"acf:attachment":[{"embeddable":true,"href":"https:\/\/arteliagroup.ca\/fr\/wp-json\/wp\/v2\/media\/19329"},{"embeddable":true,"href":"https:\/\/arteliagroup.ca\/fr\/wp-json\/wp\/v2\/media\/19321"},{"embeddable":true,"href":"https:\/\/arteliagroup.ca\/fr\/wp-json\/wp\/v2\/media\/19337"},{"embeddable":true,"href":"https:\/\/arteliagroup.ca\/fr\/wp-json\/wp\/v2\/media\/19335"},{"embeddable":true,"href":"https:\/\/arteliagroup.ca\/fr\/wp-json\/wp\/v2\/media\/19333"},{"embeddable":true,"href":"https:\/\/arteliagroup.ca\/fr\/wp-json\/wp\/v2\/media\/19331"}],"wp:featuredmedia":[{"embeddable":true,"href":"https:\/\/arteliagroup.ca\/fr\/wp-json\/wp\/v2\/media\/19327"}],"wp:attachment":[{"href":"https:\/\/arteliagroup.ca\/fr\/wp-json\/wp\/v2\/media?parent=19547"}],"wp:term":[{"taxonomy":"domaines","embeddable":true,"href":"https:\/\/arteliagroup.ca\/fr\/wp-json\/wp\/v2\/domaines?post=19547"},{"taxonomy":"domaine-activite","embeddable":true,"href":"https:\/\/arteliagroup.ca\/fr\/wp-json\/wp\/v2\/domaine-activite?post=19547"},{"taxonomy":"enjeux","embeddable":true,"href":"https:\/\/arteliagroup.ca\/fr\/wp-json\/wp\/v2\/enjeux?post=19547"},{"taxonomy":"galerie","embeddable":true,"href":"https:\/\/arteliagroup.ca\/fr\/wp-json\/wp\/v2\/galerie?post=19547"},{"taxonomy":"pays","embeddable":true,"href":"https:\/\/arteliagroup.ca\/fr\/wp-json\/wp\/v2\/pays?post=19547"}],"curies":[{"name":"wp","href":"https:\/\/api.w.org\/{rel}","templated":true}]}}