{"id":21036,"date":"2024-12-10T22:10:37","date_gmt":"2024-12-11T03:10:37","guid":{"rendered":"https:\/\/arteliagroup.ca\/?post_type=projets&#038;p=21036"},"modified":"2026-02-10T16:30:43","modified_gmt":"2026-02-10T21:30:43","slug":"refection-de-la-centrale-weedon-hydro-sherbrooke","status":"publish","type":"projets","link":"https:\/\/arteliagroup.ca\/fr\/projets\/refection-de-la-centrale-weedon-hydro-sherbrooke\/","title":{"rendered":"R\u00e9fection de la centrale Weedon &#8211; Hydro-Sherbrooke"},"content":{"rendered":"","protected":false},"excerpt":{"rendered":"<p>Cette modernisation s\u2019inscrit dans une d\u00e9marche visant \u00e0 renforcer sa fiabilit\u00e9 et sa conformit\u00e9 aux normes environnementales et de s\u00e9curit\u00e9.<\/p>\n","protected":false},"featured_media":20819,"template":"","format":"standard","meta":{"_acf_changed":false},"domaines":[65],"domaine-activite":[118,128,115,129],"enjeux":[71],"galerie":[198],"pays":[385],"class_list":["post-21036","projets","type-projets","status-publish","format-standard","has-post-thumbnail","hentry","domaines-eau","domaine-activite-autorisations-et-etude-des-impacts-environnementaux","domaine-activite-centrale-et-minicentrale-hydro-electrique","domaine-activite-geotechnique","domaine-activite-securite-de-barrage","enjeux-transition-energetique","galerie-no","pays-canada"],"acf":{"Citation":"Faciliter la gestion du barrage, augmenter la capacit\u00e9 d\u2019\u00e9vacuation des crues et mettre aux normes les digues de retenue pour une meilleure s\u00e9curit\u00e9 de l\u2019ouvrage.","head_projet":20823,"projet_phare":20815,"prix":null,"copyright":"","description_projets":"Situ\u00e9e sur la rivi\u00e8re Saint-Fran\u00e7ois, pr\u00e8s de Weedon, la centrale hydro\u00e9lectrique de Weedon est un ouvrage important du r\u00e9seau d\u2019Hydro-Sherbrooke, avec une capacit\u00e9 install\u00e9e de 3,7 MW. Compos\u00e9 de deux centrales, d\u2019un \u00e9vacuateur \u00e0 neuf vannes et de plusieurs structures connexes, le complexe assure la production d\u2019\u00e9nergie et le contr\u00f4le des niveaux d\u2019eau. La modernisation de cet ouvrage s\u2019inscrit dans une d\u00e9marche visant \u00e0 renforcer sa fiabilit\u00e9 et sa conformit\u00e9 aux normes environnementales et de s\u00e9curit\u00e9.\r\n\r\nArtelia a \u00e9t\u00e9 mandat\u00e9e pour \u00e9laborer les plans et devis et superviser les travaux de r\u00e9fection des prises d\u2019eau ainsi que des \u00e9l\u00e9ments connexes du barrage. Ce mandat comprenait \u00e9galement le soutien lors de l\u2019appel d\u2019offres, la gestion des demandes d\u2019autorisation aupr\u00e8s des minist\u00e8res concern\u00e9s et une surveillance de chantier en continu pendant les deux ann\u00e9es du projet. Ces interventions garantissent la p\u00e9rennit\u00e9 de cette infrastructure, tout en optimisant sa gestion et sa performance.","Client":"Hydro-Sherbrooke (Ville de Sherbrooke)","Lieu":"Weedon","villes":"","gallery":null,"domaines_dactivite":"<a href=\"https:\/\/arteliagroup.ca\/fr\/nos-domaines\/environnement-et-sciences-de-la-terre\/autorisations-environnementales-et-etude-des-impacts-environnementaux\/\">Autorisations environnementales et \u00e9tude des impacts environnementaux<\/a>\r\n\r\n<a href=\"https:\/\/arteliagroup.ca\/fr\/nos-domaines\/eau\/centrale-et-minicentrale-hydroelectrique\/\">Centrale et minicentrale hydro\u00e9lectrique<\/a>\r\n\r\n<a href=\"https:\/\/arteliagroup.ca\/fr\/nos-domaines\/environnement-et-sciences-de-la-terre\/geotechnique\/\">G\u00e9otechnique<\/a>\r\n\r\n<a href=\"https:\/\/arteliagroup.ca\/fr\/nos-domaines\/eau\/securite-de-barrage\/\">S\u00e9curit\u00e9 de barrage<\/a>"},"yoast_head":"<!-- This site is optimized with the Yoast SEO plugin v27.4 - https:\/\/yoast.com\/product\/yoast-seo-wordpress\/ -->\n<title>R\u00e9fection de la centrale Weedon - Hydro-Sherbrooke - Artelia<\/title>\n<meta name=\"description\" content=\"Cette modernisation s\u2019inscrit dans une d\u00e9marche visant \u00e0 renforcer sa fiabilit\u00e9 et sa conformit\u00e9 aux normes environnementales et de s\u00e9curit\u00e9.\" \/>\n<meta name=\"robots\" content=\"index, follow, max-snippet:-1, max-image-preview:large, max-video-preview:-1\" \/>\n<link rel=\"canonical\" href=\"https:\/\/arteliagroup.ca\/fr\/projets\/refection-de-la-centrale-weedon-hydro-sherbrooke\/\" \/>\n<meta property=\"og:locale\" content=\"fr_CA\" \/>\n<meta property=\"og:type\" content=\"article\" \/>\n<meta property=\"og:title\" content=\"R\u00e9fection de la centrale Weedon - Hydro-Sherbrooke - Artelia\" \/>\n<meta property=\"og:description\" content=\"Cette modernisation s\u2019inscrit dans une d\u00e9marche visant \u00e0 renforcer sa fiabilit\u00e9 et sa conformit\u00e9 aux normes environnementales et de s\u00e9curit\u00e9.\" \/>\n<meta property=\"og:url\" content=\"https:\/\/arteliagroup.ca\/fr\/projets\/refection-de-la-centrale-weedon-hydro-sherbrooke\/\" \/>\n<meta property=\"og:site_name\" content=\"Artelia\" \/>\n<meta property=\"article:publisher\" content=\"https:\/\/www.linkedin.com\/company\/artelia-canada\/\" \/>\n<meta property=\"article:modified_time\" content=\"2026-02-10T21:30:43+00:00\" \/>\n<meta property=\"og:image\" content=\"https:\/\/arteliagroup.ca\/wp-content\/uploads\/2024\/12\/Refection-de-la-centrale-Weedon-Hydro-Sherbrooke_V.avif\" \/>\n\t<meta property=\"og:image:width\" content=\"400\" \/>\n\t<meta property=\"og:image:height\" content=\"400\" \/>\n\t<meta property=\"og:image:type\" content=\"image\/jpeg\" \/>\n<meta name=\"twitter:card\" content=\"summary_large_image\" \/>\n<meta name=\"twitter:label1\" content=\"Estimation du temps de lecture\" \/>\n\t<meta name=\"twitter:data1\" content=\"2 minutes\" \/>\n<script type=\"application\/ld+json\" class=\"yoast-schema-graph\">{\"@context\":\"https:\\\/\\\/schema.org\",\"@graph\":[{\"@type\":\"WebPage\",\"@id\":\"https:\\\/\\\/arteliagroup.ca\\\/fr\\\/projets\\\/refection-de-la-centrale-weedon-hydro-sherbrooke\\\/\",\"url\":\"https:\\\/\\\/arteliagroup.ca\\\/fr\\\/projets\\\/refection-de-la-centrale-weedon-hydro-sherbrooke\\\/\",\"name\":\"R\u00e9fection de la centrale Weedon - Hydro-Sherbrooke - Artelia\",\"isPartOf\":{\"@id\":\"https:\\\/\\\/arteliagroup.ca\\\/fr\\\/#website\"},\"primaryImageOfPage\":{\"@id\":\"https:\\\/\\\/arteliagroup.ca\\\/fr\\\/projets\\\/refection-de-la-centrale-weedon-hydro-sherbrooke\\\/#primaryimage\"},\"image\":{\"@id\":\"https:\\\/\\\/arteliagroup.ca\\\/fr\\\/projets\\\/refection-de-la-centrale-weedon-hydro-sherbrooke\\\/#primaryimage\"},\"thumbnailUrl\":\"https:\\\/\\\/arteliagroup.ca\\\/wp-content\\\/uploads\\\/2024\\\/12\\\/Refection-de-la-centrale-Weedon-Hydro-Sherbrooke_V.avif\",\"datePublished\":\"2024-12-11T03:10:37+00:00\",\"dateModified\":\"2026-02-10T21:30:43+00:00\",\"description\":\"Cette modernisation s\u2019inscrit dans une d\u00e9marche visant \u00e0 renforcer sa fiabilit\u00e9 et sa conformit\u00e9 aux normes environnementales et de s\u00e9curit\u00e9.\",\"breadcrumb\":{\"@id\":\"https:\\\/\\\/arteliagroup.ca\\\/fr\\\/projets\\\/refection-de-la-centrale-weedon-hydro-sherbrooke\\\/#breadcrumb\"},\"inLanguage\":\"fr-FR\",\"potentialAction\":[{\"@type\":\"ReadAction\",\"target\":[\"https:\\\/\\\/arteliagroup.ca\\\/fr\\\/projets\\\/refection-de-la-centrale-weedon-hydro-sherbrooke\\\/\"]}]},{\"@type\":\"ImageObject\",\"inLanguage\":\"fr-FR\",\"@id\":\"https:\\\/\\\/arteliagroup.ca\\\/fr\\\/projets\\\/refection-de-la-centrale-weedon-hydro-sherbrooke\\\/#primaryimage\",\"url\":\"https:\\\/\\\/arteliagroup.ca\\\/wp-content\\\/uploads\\\/2024\\\/12\\\/Refection-de-la-centrale-Weedon-Hydro-Sherbrooke_V.avif\",\"contentUrl\":\"https:\\\/\\\/arteliagroup.ca\\\/wp-content\\\/uploads\\\/2024\\\/12\\\/Refection-de-la-centrale-Weedon-Hydro-Sherbrooke_V.avif\",\"width\":400,\"height\":400,\"caption\":\"Cette modernisation s\u2019inscrit dans une d\u00e9marche visant \u00e0 renforcer sa fiabilit\u00e9 et sa conformit\u00e9 aux normes environnementales et de s\u00e9curit\u00e9.\"},{\"@type\":\"BreadcrumbList\",\"@id\":\"https:\\\/\\\/arteliagroup.ca\\\/fr\\\/projets\\\/refection-de-la-centrale-weedon-hydro-sherbrooke\\\/#breadcrumb\",\"itemListElement\":[{\"@type\":\"ListItem\",\"position\":1,\"name\":\"Accueil\",\"item\":\"https:\\\/\\\/arteliagroup.ca\\\/fr\\\/\"},{\"@type\":\"ListItem\",\"position\":2,\"name\":\"R\u00e9fection de la centrale Weedon &#8211; Hydro-Sherbrooke\"}]},{\"@type\":\"WebSite\",\"@id\":\"https:\\\/\\\/arteliagroup.ca\\\/fr\\\/#website\",\"url\":\"https:\\\/\\\/arteliagroup.ca\\\/fr\\\/\",\"name\":\"Artelia\",\"description\":\"CR\u00c9ER DES SOLUTIONS POUR UNE VIE POSITIVE\",\"publisher\":{\"@id\":\"https:\\\/\\\/arteliagroup.ca\\\/fr\\\/#organization\"},\"alternateName\":\"Artelia Canada\",\"potentialAction\":[{\"@type\":\"SearchAction\",\"target\":{\"@type\":\"EntryPoint\",\"urlTemplate\":\"https:\\\/\\\/arteliagroup.ca\\\/fr\\\/?s={search_term_string}\"},\"query-input\":{\"@type\":\"PropertyValueSpecification\",\"valueRequired\":true,\"valueName\":\"search_term_string\"}}],\"inLanguage\":\"fr-FR\"},{\"@type\":\"Organization\",\"@id\":\"https:\\\/\\\/arteliagroup.ca\\\/fr\\\/#organization\",\"name\":\"Artelia\",\"alternateName\":\"Artelia Canada\",\"url\":\"https:\\\/\\\/arteliagroup.ca\\\/fr\\\/\",\"logo\":{\"@type\":\"ImageObject\",\"inLanguage\":\"fr-FR\",\"@id\":\"https:\\\/\\\/arteliagroup.ca\\\/fr\\\/#\\\/schema\\\/logo\\\/image\\\/\",\"url\":\"https:\\\/\\\/arteliagroup.ca\\\/wp-content\\\/uploads\\\/2024\\\/07\\\/ARTELIA_couleur_WEB.svg\",\"contentUrl\":\"https:\\\/\\\/arteliagroup.ca\\\/wp-content\\\/uploads\\\/2024\\\/07\\\/ARTELIA_couleur_WEB.svg\",\"width\":300,\"height\":91,\"caption\":\"Artelia\"},\"image\":{\"@id\":\"https:\\\/\\\/arteliagroup.ca\\\/fr\\\/#\\\/schema\\\/logo\\\/image\\\/\"},\"sameAs\":[\"https:\\\/\\\/www.linkedin.com\\\/company\\\/artelia-canada\\\/\"]}]}<\/script>\n<!-- \/ Yoast SEO plugin. -->","yoast_head_json":{"title":"R\u00e9fection de la centrale Weedon - Hydro-Sherbrooke - Artelia","description":"Cette modernisation s\u2019inscrit dans une d\u00e9marche visant \u00e0 renforcer sa fiabilit\u00e9 et sa conformit\u00e9 aux normes environnementales et de s\u00e9curit\u00e9.","robots":{"index":"index","follow":"follow","max-snippet":"max-snippet:-1","max-image-preview":"max-image-preview:large","max-video-preview":"max-video-preview:-1"},"canonical":"https:\/\/arteliagroup.ca\/fr\/projets\/refection-de-la-centrale-weedon-hydro-sherbrooke\/","og_locale":"fr_CA","og_type":"article","og_title":"R\u00e9fection de la centrale Weedon - Hydro-Sherbrooke - Artelia","og_description":"Cette modernisation s\u2019inscrit dans une d\u00e9marche visant \u00e0 renforcer sa fiabilit\u00e9 et sa conformit\u00e9 aux normes environnementales et de s\u00e9curit\u00e9.","og_url":"https:\/\/arteliagroup.ca\/fr\/projets\/refection-de-la-centrale-weedon-hydro-sherbrooke\/","og_site_name":"Artelia","article_publisher":"https:\/\/www.linkedin.com\/company\/artelia-canada\/","article_modified_time":"2026-02-10T21:30:43+00:00","og_image":[{"width":400,"height":400,"url":"https:\/\/arteliagroup.ca\/wp-content\/uploads\/2024\/12\/Refection-de-la-centrale-Weedon-Hydro-Sherbrooke_V.avif","type":"image\/jpeg"}],"twitter_card":"summary_large_image","twitter_misc":{"Estimation du temps de lecture":"2 minutes"},"schema":{"@context":"https:\/\/schema.org","@graph":[{"@type":"WebPage","@id":"https:\/\/arteliagroup.ca\/fr\/projets\/refection-de-la-centrale-weedon-hydro-sherbrooke\/","url":"https:\/\/arteliagroup.ca\/fr\/projets\/refection-de-la-centrale-weedon-hydro-sherbrooke\/","name":"R\u00e9fection de la centrale Weedon - Hydro-Sherbrooke - Artelia","isPartOf":{"@id":"https:\/\/arteliagroup.ca\/fr\/#website"},"primaryImageOfPage":{"@id":"https:\/\/arteliagroup.ca\/fr\/projets\/refection-de-la-centrale-weedon-hydro-sherbrooke\/#primaryimage"},"image":{"@id":"https:\/\/arteliagroup.ca\/fr\/projets\/refection-de-la-centrale-weedon-hydro-sherbrooke\/#primaryimage"},"thumbnailUrl":"https:\/\/arteliagroup.ca\/wp-content\/uploads\/2024\/12\/Refection-de-la-centrale-Weedon-Hydro-Sherbrooke_V.avif","datePublished":"2024-12-11T03:10:37+00:00","dateModified":"2026-02-10T21:30:43+00:00","description":"Cette modernisation s\u2019inscrit dans une d\u00e9marche visant \u00e0 renforcer sa fiabilit\u00e9 et sa conformit\u00e9 aux normes environnementales et de s\u00e9curit\u00e9.","breadcrumb":{"@id":"https:\/\/arteliagroup.ca\/fr\/projets\/refection-de-la-centrale-weedon-hydro-sherbrooke\/#breadcrumb"},"inLanguage":"fr-FR","potentialAction":[{"@type":"ReadAction","target":["https:\/\/arteliagroup.ca\/fr\/projets\/refection-de-la-centrale-weedon-hydro-sherbrooke\/"]}]},{"@type":"ImageObject","inLanguage":"fr-FR","@id":"https:\/\/arteliagroup.ca\/fr\/projets\/refection-de-la-centrale-weedon-hydro-sherbrooke\/#primaryimage","url":"https:\/\/arteliagroup.ca\/wp-content\/uploads\/2024\/12\/Refection-de-la-centrale-Weedon-Hydro-Sherbrooke_V.avif","contentUrl":"https:\/\/arteliagroup.ca\/wp-content\/uploads\/2024\/12\/Refection-de-la-centrale-Weedon-Hydro-Sherbrooke_V.avif","width":400,"height":400,"caption":"Cette modernisation s\u2019inscrit dans une d\u00e9marche visant \u00e0 renforcer sa fiabilit\u00e9 et sa conformit\u00e9 aux normes environnementales et de s\u00e9curit\u00e9."},{"@type":"BreadcrumbList","@id":"https:\/\/arteliagroup.ca\/fr\/projets\/refection-de-la-centrale-weedon-hydro-sherbrooke\/#breadcrumb","itemListElement":[{"@type":"ListItem","position":1,"name":"Accueil","item":"https:\/\/arteliagroup.ca\/fr\/"},{"@type":"ListItem","position":2,"name":"R\u00e9fection de la centrale Weedon &#8211; Hydro-Sherbrooke"}]},{"@type":"WebSite","@id":"https:\/\/arteliagroup.ca\/fr\/#website","url":"https:\/\/arteliagroup.ca\/fr\/","name":"Artelia","description":"CR\u00c9ER DES SOLUTIONS POUR UNE VIE POSITIVE","publisher":{"@id":"https:\/\/arteliagroup.ca\/fr\/#organization"},"alternateName":"Artelia Canada","potentialAction":[{"@type":"SearchAction","target":{"@type":"EntryPoint","urlTemplate":"https:\/\/arteliagroup.ca\/fr\/?s={search_term_string}"},"query-input":{"@type":"PropertyValueSpecification","valueRequired":true,"valueName":"search_term_string"}}],"inLanguage":"fr-FR"},{"@type":"Organization","@id":"https:\/\/arteliagroup.ca\/fr\/#organization","name":"Artelia","alternateName":"Artelia Canada","url":"https:\/\/arteliagroup.ca\/fr\/","logo":{"@type":"ImageObject","inLanguage":"fr-FR","@id":"https:\/\/arteliagroup.ca\/fr\/#\/schema\/logo\/image\/","url":"https:\/\/arteliagroup.ca\/wp-content\/uploads\/2024\/07\/ARTELIA_couleur_WEB.svg","contentUrl":"https:\/\/arteliagroup.ca\/wp-content\/uploads\/2024\/07\/ARTELIA_couleur_WEB.svg","width":300,"height":91,"caption":"Artelia"},"image":{"@id":"https:\/\/arteliagroup.ca\/fr\/#\/schema\/logo\/image\/"},"sameAs":["https:\/\/www.linkedin.com\/company\/artelia-canada\/"]}]}},"_links":{"self":[{"href":"https:\/\/arteliagroup.ca\/fr\/wp-json\/wp\/v2\/projets\/21036","targetHints":{"allow":["GET"]}}],"collection":[{"href":"https:\/\/arteliagroup.ca\/fr\/wp-json\/wp\/v2\/projets"}],"about":[{"href":"https:\/\/arteliagroup.ca\/fr\/wp-json\/wp\/v2\/types\/projets"}],"version-history":[{"count":4,"href":"https:\/\/arteliagroup.ca\/fr\/wp-json\/wp\/v2\/projets\/21036\/revisions"}],"predecessor-version":[{"id":34990,"href":"https:\/\/arteliagroup.ca\/fr\/wp-json\/wp\/v2\/projets\/21036\/revisions\/34990"}],"wp:featuredmedia":[{"embeddable":true,"href":"https:\/\/arteliagroup.ca\/fr\/wp-json\/wp\/v2\/media\/20819"}],"wp:attachment":[{"href":"https:\/\/arteliagroup.ca\/fr\/wp-json\/wp\/v2\/media?parent=21036"}],"wp:term":[{"taxonomy":"domaines","embeddable":true,"href":"https:\/\/arteliagroup.ca\/fr\/wp-json\/wp\/v2\/domaines?post=21036"},{"taxonomy":"domaine-activite","embeddable":true,"href":"https:\/\/arteliagroup.ca\/fr\/wp-json\/wp\/v2\/domaine-activite?post=21036"},{"taxonomy":"enjeux","embeddable":true,"href":"https:\/\/arteliagroup.ca\/fr\/wp-json\/wp\/v2\/enjeux?post=21036"},{"taxonomy":"galerie","embeddable":true,"href":"https:\/\/arteliagroup.ca\/fr\/wp-json\/wp\/v2\/galerie?post=21036"},{"taxonomy":"pays","embeddable":true,"href":"https:\/\/arteliagroup.ca\/fr\/wp-json\/wp\/v2\/pays?post=21036"}],"curies":[{"name":"wp","href":"https:\/\/api.w.org\/{rel}","templated":true}]}}