{"id":2639,"date":"2024-08-06T12:09:51","date_gmt":"2024-08-06T16:09:51","guid":{"rendered":"https:\/\/arteliagroup.ca\/?post_type=projets&#038;p=2639"},"modified":"2026-02-10T16:10:59","modified_gmt":"2026-02-10T21:10:59","slug":"reamenagement-de-la-rue-galt-ouest","status":"publish","type":"projets","link":"https:\/\/arteliagroup.ca\/fr\/projets\/reamenagement-de-la-rue-galt-ouest\/","title":{"rendered":"R\u00e9am\u00e9nagement de la rue Galt Ouest"},"content":{"rendered":"","protected":false},"excerpt":{"rendered":"<p>Un projet visant \u00e0 am\u00e9liorer les modes de transport actif, la s\u00e9curit\u00e9 des pi\u00e9tons et la fluidit\u00e9 du trafic.<\/p>\n","protected":false},"featured_media":11708,"template":"","format":"standard","meta":{"_acf_changed":false},"domaines":[67,64],"domaine-activite":[326,145,114],"enjeux":[75],"galerie":[198],"pays":[385],"class_list":["post-2639","projets","type-projets","status-publish","format-standard","has-post-thumbnail","hentry","domaines-environnement-et-sciences-de-la-terre","domaines-mobilite","domaine-activite-architecture-de-paysage-et-design-urbain","domaine-activite-infrastructures-urbaines","domaine-activite-ingenierie-des-materiaux","enjeux-mieux-vivre-en-ville","galerie-no","pays-canada"],"acf":{"Citation":"De nouveaux am\u00e9nagements favorisant le transport actif, la s\u00e9curit\u00e9 et une circulation plus fluide.","head_projet":11948,"projet_phare":11706,"prix":null,"copyright":"\u00a9Ville de Sherbrooke","description_projets":"Les infrastructures de la rue Galt Ouest approchant leur fin de vie utile, la Ville de Sherbrooke a vu cette situation comme une opportunit\u00e9 de r\u00e9examiner la configuration de cette zone, consid\u00e9r\u00e9e comme une v\u00e9ritable porte d'entr\u00e9e pour son centre-ville. Ainsi, un projet d'envergure a \u00e9t\u00e9 propos\u00e9 pour mettre en \u0153uvre de nouveaux am\u00e9nagements visant \u00e0 promouvoir l'utilisation des modes de transport actif, \u00e0 accro\u00eetre la s\u00e9curit\u00e9 des pi\u00e9tons et \u00e0 am\u00e9liorer la fluidit\u00e9 du trafic. En outre, l'expansion d'un parc et le placement souterrain des c\u00e2bles \u00e9lectriques ont \u00e9t\u00e9 r\u00e9alis\u00e9s pour rendre la zone plus attrayante et fonctionnelle.\r\n\r\nDans le cadre de ce projet, nos \u00e9quipes ont fourni une gamme compl\u00e8te de services en infrastructures urbaines et en g\u00e9nie des mat\u00e9riaux. Les travaux incluaient la reconstruction des infrastructures municipales, la reconstruction de la structure de chauss\u00e9e, l\u2019ajout de pistes cyclables et d\u2019am\u00e9nagements paysagers ainsi que des modifications \u00e0 la signalisation routi\u00e8re, aux feux de circulation et \u00e0 l\u2019\u00e9clairage de rue. Cet important projet\u00a0 a permis de redonner vie aux infrastructures de la ville de Sherbrooke pour l\u2019am\u00e9lioration de la qualit\u00e9 de vie des citoyens.","Client":"Ville de Sherbrooke","Lieu":"Sherbrooke","villes":"","gallery":null,"domaines_dactivite":"<a href=\"https:\/\/arteliagroup.ca\/fr\/nos-domaines\/environnement-et-sciences-de-la-terre\/architecture-de-paysage-et-design-urbain\/\">Architecture de paysage et design urbain<\/a>\r\n\r\n<a href=\"https:\/\/arteliagroup.ca\/fr\/nos-domaines\/mobilite\/infrastructures-urbaines\/\">Infrastructures urbaines<\/a>\r\n\r\n<a href=\"https:\/\/arteliagroup.ca\/fr\/nos-domaines\/environnement-et-sciences-de-la-terre\/ingenierie-des-materiaux\/\">Ing\u00e9nierie des mat\u00e9riaux<\/a>"},"yoast_head":"<!-- This site is optimized with the Yoast SEO plugin v27.4 - https:\/\/yoast.com\/product\/yoast-seo-wordpress\/ -->\n<title>R\u00e9am\u00e9nagement de la rue Galt Ouest - Artelia<\/title>\n<meta name=\"description\" content=\"Un projet visant \u00e0 am\u00e9liorer les modes de transport actif, la s\u00e9curit\u00e9 des pi\u00e9tons et la fluidit\u00e9 du trafic.\" \/>\n<meta name=\"robots\" content=\"index, follow, max-snippet:-1, max-image-preview:large, max-video-preview:-1\" \/>\n<link rel=\"canonical\" href=\"https:\/\/arteliagroup.ca\/fr\/projets\/reamenagement-de-la-rue-galt-ouest\/\" \/>\n<meta property=\"og:locale\" content=\"fr_CA\" \/>\n<meta property=\"og:type\" content=\"article\" \/>\n<meta property=\"og:title\" content=\"R\u00e9am\u00e9nagement de la rue Galt Ouest - Artelia\" \/>\n<meta property=\"og:description\" content=\"Un projet visant \u00e0 am\u00e9liorer les modes de transport actif, la s\u00e9curit\u00e9 des pi\u00e9tons et la fluidit\u00e9 du trafic.\" \/>\n<meta property=\"og:url\" content=\"https:\/\/arteliagroup.ca\/fr\/projets\/reamenagement-de-la-rue-galt-ouest\/\" \/>\n<meta property=\"og:site_name\" content=\"Artelia\" \/>\n<meta property=\"article:publisher\" content=\"https:\/\/www.linkedin.com\/company\/artelia-canada\/\" \/>\n<meta property=\"article:modified_time\" content=\"2026-02-10T21:10:59+00:00\" \/>\n<meta property=\"og:image\" content=\"https:\/\/arteliagroup.ca\/wp-content\/uploads\/2024\/10\/Reamenagement-de-la-rue-Galt-Ouest_v.webp\" \/>\n\t<meta property=\"og:image:width\" content=\"400\" \/>\n\t<meta property=\"og:image:height\" content=\"400\" \/>\n\t<meta property=\"og:image:type\" content=\"image\/webp\" \/>\n<meta name=\"twitter:card\" content=\"summary_large_image\" \/>\n<meta name=\"twitter:label1\" content=\"Estimation du temps de lecture\" \/>\n\t<meta name=\"twitter:data1\" content=\"2 minutes\" \/>\n<script type=\"application\/ld+json\" class=\"yoast-schema-graph\">{\"@context\":\"https:\\\/\\\/schema.org\",\"@graph\":[{\"@type\":\"WebPage\",\"@id\":\"https:\\\/\\\/arteliagroup.ca\\\/fr\\\/projets\\\/reamenagement-de-la-rue-galt-ouest\\\/\",\"url\":\"https:\\\/\\\/arteliagroup.ca\\\/fr\\\/projets\\\/reamenagement-de-la-rue-galt-ouest\\\/\",\"name\":\"R\u00e9am\u00e9nagement de la rue Galt Ouest - Artelia\",\"isPartOf\":{\"@id\":\"https:\\\/\\\/arteliagroup.ca\\\/fr\\\/#website\"},\"primaryImageOfPage\":{\"@id\":\"https:\\\/\\\/arteliagroup.ca\\\/fr\\\/projets\\\/reamenagement-de-la-rue-galt-ouest\\\/#primaryimage\"},\"image\":{\"@id\":\"https:\\\/\\\/arteliagroup.ca\\\/fr\\\/projets\\\/reamenagement-de-la-rue-galt-ouest\\\/#primaryimage\"},\"thumbnailUrl\":\"https:\\\/\\\/arteliagroup.ca\\\/wp-content\\\/uploads\\\/2024\\\/10\\\/Reamenagement-de-la-rue-Galt-Ouest_v.webp\",\"datePublished\":\"2024-08-06T16:09:51+00:00\",\"dateModified\":\"2026-02-10T21:10:59+00:00\",\"description\":\"Un projet visant \u00e0 am\u00e9liorer les modes de transport actif, la s\u00e9curit\u00e9 des pi\u00e9tons et la fluidit\u00e9 du trafic.\",\"breadcrumb\":{\"@id\":\"https:\\\/\\\/arteliagroup.ca\\\/fr\\\/projets\\\/reamenagement-de-la-rue-galt-ouest\\\/#breadcrumb\"},\"inLanguage\":\"fr-FR\",\"potentialAction\":[{\"@type\":\"ReadAction\",\"target\":[\"https:\\\/\\\/arteliagroup.ca\\\/fr\\\/projets\\\/reamenagement-de-la-rue-galt-ouest\\\/\"]}]},{\"@type\":\"ImageObject\",\"inLanguage\":\"fr-FR\",\"@id\":\"https:\\\/\\\/arteliagroup.ca\\\/fr\\\/projets\\\/reamenagement-de-la-rue-galt-ouest\\\/#primaryimage\",\"url\":\"https:\\\/\\\/arteliagroup.ca\\\/wp-content\\\/uploads\\\/2024\\\/10\\\/Reamenagement-de-la-rue-Galt-Ouest_v.webp\",\"contentUrl\":\"https:\\\/\\\/arteliagroup.ca\\\/wp-content\\\/uploads\\\/2024\\\/10\\\/Reamenagement-de-la-rue-Galt-Ouest_v.webp\",\"width\":400,\"height\":400,\"caption\":\"Un projet visant \u00e0 am\u00e9liorer les modes de transport actif, la s\u00e9curit\u00e9 des pi\u00e9tons et la fluidit\u00e9 du trafic.\"},{\"@type\":\"BreadcrumbList\",\"@id\":\"https:\\\/\\\/arteliagroup.ca\\\/fr\\\/projets\\\/reamenagement-de-la-rue-galt-ouest\\\/#breadcrumb\",\"itemListElement\":[{\"@type\":\"ListItem\",\"position\":1,\"name\":\"Accueil\",\"item\":\"https:\\\/\\\/arteliagroup.ca\\\/fr\\\/\"},{\"@type\":\"ListItem\",\"position\":2,\"name\":\"R\u00e9am\u00e9nagement de la rue Galt Ouest\"}]},{\"@type\":\"WebSite\",\"@id\":\"https:\\\/\\\/arteliagroup.ca\\\/fr\\\/#website\",\"url\":\"https:\\\/\\\/arteliagroup.ca\\\/fr\\\/\",\"name\":\"Artelia\",\"description\":\"CR\u00c9ER DES SOLUTIONS POUR UNE VIE POSITIVE\",\"publisher\":{\"@id\":\"https:\\\/\\\/arteliagroup.ca\\\/fr\\\/#organization\"},\"alternateName\":\"Artelia Canada\",\"potentialAction\":[{\"@type\":\"SearchAction\",\"target\":{\"@type\":\"EntryPoint\",\"urlTemplate\":\"https:\\\/\\\/arteliagroup.ca\\\/fr\\\/?s={search_term_string}\"},\"query-input\":{\"@type\":\"PropertyValueSpecification\",\"valueRequired\":true,\"valueName\":\"search_term_string\"}}],\"inLanguage\":\"fr-FR\"},{\"@type\":\"Organization\",\"@id\":\"https:\\\/\\\/arteliagroup.ca\\\/fr\\\/#organization\",\"name\":\"Artelia\",\"alternateName\":\"Artelia Canada\",\"url\":\"https:\\\/\\\/arteliagroup.ca\\\/fr\\\/\",\"logo\":{\"@type\":\"ImageObject\",\"inLanguage\":\"fr-FR\",\"@id\":\"https:\\\/\\\/arteliagroup.ca\\\/fr\\\/#\\\/schema\\\/logo\\\/image\\\/\",\"url\":\"https:\\\/\\\/arteliagroup.ca\\\/wp-content\\\/uploads\\\/2024\\\/07\\\/ARTELIA_couleur_WEB.svg\",\"contentUrl\":\"https:\\\/\\\/arteliagroup.ca\\\/wp-content\\\/uploads\\\/2024\\\/07\\\/ARTELIA_couleur_WEB.svg\",\"width\":300,\"height\":91,\"caption\":\"Artelia\"},\"image\":{\"@id\":\"https:\\\/\\\/arteliagroup.ca\\\/fr\\\/#\\\/schema\\\/logo\\\/image\\\/\"},\"sameAs\":[\"https:\\\/\\\/www.linkedin.com\\\/company\\\/artelia-canada\\\/\"]}]}<\/script>\n<!-- \/ Yoast SEO plugin. -->","yoast_head_json":{"title":"R\u00e9am\u00e9nagement de la rue Galt Ouest - Artelia","description":"Un projet visant \u00e0 am\u00e9liorer les modes de transport actif, la s\u00e9curit\u00e9 des pi\u00e9tons et la fluidit\u00e9 du trafic.","robots":{"index":"index","follow":"follow","max-snippet":"max-snippet:-1","max-image-preview":"max-image-preview:large","max-video-preview":"max-video-preview:-1"},"canonical":"https:\/\/arteliagroup.ca\/fr\/projets\/reamenagement-de-la-rue-galt-ouest\/","og_locale":"fr_CA","og_type":"article","og_title":"R\u00e9am\u00e9nagement de la rue Galt Ouest - Artelia","og_description":"Un projet visant \u00e0 am\u00e9liorer les modes de transport actif, la s\u00e9curit\u00e9 des pi\u00e9tons et la fluidit\u00e9 du trafic.","og_url":"https:\/\/arteliagroup.ca\/fr\/projets\/reamenagement-de-la-rue-galt-ouest\/","og_site_name":"Artelia","article_publisher":"https:\/\/www.linkedin.com\/company\/artelia-canada\/","article_modified_time":"2026-02-10T21:10:59+00:00","og_image":[{"width":400,"height":400,"url":"https:\/\/arteliagroup.ca\/wp-content\/uploads\/2024\/10\/Reamenagement-de-la-rue-Galt-Ouest_v.webp","type":"image\/webp"}],"twitter_card":"summary_large_image","twitter_misc":{"Estimation du temps de lecture":"2 minutes"},"schema":{"@context":"https:\/\/schema.org","@graph":[{"@type":"WebPage","@id":"https:\/\/arteliagroup.ca\/fr\/projets\/reamenagement-de-la-rue-galt-ouest\/","url":"https:\/\/arteliagroup.ca\/fr\/projets\/reamenagement-de-la-rue-galt-ouest\/","name":"R\u00e9am\u00e9nagement de la rue Galt Ouest - Artelia","isPartOf":{"@id":"https:\/\/arteliagroup.ca\/fr\/#website"},"primaryImageOfPage":{"@id":"https:\/\/arteliagroup.ca\/fr\/projets\/reamenagement-de-la-rue-galt-ouest\/#primaryimage"},"image":{"@id":"https:\/\/arteliagroup.ca\/fr\/projets\/reamenagement-de-la-rue-galt-ouest\/#primaryimage"},"thumbnailUrl":"https:\/\/arteliagroup.ca\/wp-content\/uploads\/2024\/10\/Reamenagement-de-la-rue-Galt-Ouest_v.webp","datePublished":"2024-08-06T16:09:51+00:00","dateModified":"2026-02-10T21:10:59+00:00","description":"Un projet visant \u00e0 am\u00e9liorer les modes de transport actif, la s\u00e9curit\u00e9 des pi\u00e9tons et la fluidit\u00e9 du trafic.","breadcrumb":{"@id":"https:\/\/arteliagroup.ca\/fr\/projets\/reamenagement-de-la-rue-galt-ouest\/#breadcrumb"},"inLanguage":"fr-FR","potentialAction":[{"@type":"ReadAction","target":["https:\/\/arteliagroup.ca\/fr\/projets\/reamenagement-de-la-rue-galt-ouest\/"]}]},{"@type":"ImageObject","inLanguage":"fr-FR","@id":"https:\/\/arteliagroup.ca\/fr\/projets\/reamenagement-de-la-rue-galt-ouest\/#primaryimage","url":"https:\/\/arteliagroup.ca\/wp-content\/uploads\/2024\/10\/Reamenagement-de-la-rue-Galt-Ouest_v.webp","contentUrl":"https:\/\/arteliagroup.ca\/wp-content\/uploads\/2024\/10\/Reamenagement-de-la-rue-Galt-Ouest_v.webp","width":400,"height":400,"caption":"Un projet visant \u00e0 am\u00e9liorer les modes de transport actif, la s\u00e9curit\u00e9 des pi\u00e9tons et la fluidit\u00e9 du trafic."},{"@type":"BreadcrumbList","@id":"https:\/\/arteliagroup.ca\/fr\/projets\/reamenagement-de-la-rue-galt-ouest\/#breadcrumb","itemListElement":[{"@type":"ListItem","position":1,"name":"Accueil","item":"https:\/\/arteliagroup.ca\/fr\/"},{"@type":"ListItem","position":2,"name":"R\u00e9am\u00e9nagement de la rue Galt Ouest"}]},{"@type":"WebSite","@id":"https:\/\/arteliagroup.ca\/fr\/#website","url":"https:\/\/arteliagroup.ca\/fr\/","name":"Artelia","description":"CR\u00c9ER DES SOLUTIONS POUR UNE VIE POSITIVE","publisher":{"@id":"https:\/\/arteliagroup.ca\/fr\/#organization"},"alternateName":"Artelia Canada","potentialAction":[{"@type":"SearchAction","target":{"@type":"EntryPoint","urlTemplate":"https:\/\/arteliagroup.ca\/fr\/?s={search_term_string}"},"query-input":{"@type":"PropertyValueSpecification","valueRequired":true,"valueName":"search_term_string"}}],"inLanguage":"fr-FR"},{"@type":"Organization","@id":"https:\/\/arteliagroup.ca\/fr\/#organization","name":"Artelia","alternateName":"Artelia Canada","url":"https:\/\/arteliagroup.ca\/fr\/","logo":{"@type":"ImageObject","inLanguage":"fr-FR","@id":"https:\/\/arteliagroup.ca\/fr\/#\/schema\/logo\/image\/","url":"https:\/\/arteliagroup.ca\/wp-content\/uploads\/2024\/07\/ARTELIA_couleur_WEB.svg","contentUrl":"https:\/\/arteliagroup.ca\/wp-content\/uploads\/2024\/07\/ARTELIA_couleur_WEB.svg","width":300,"height":91,"caption":"Artelia"},"image":{"@id":"https:\/\/arteliagroup.ca\/fr\/#\/schema\/logo\/image\/"},"sameAs":["https:\/\/www.linkedin.com\/company\/artelia-canada\/"]}]}},"_links":{"self":[{"href":"https:\/\/arteliagroup.ca\/fr\/wp-json\/wp\/v2\/projets\/2639","targetHints":{"allow":["GET"]}}],"collection":[{"href":"https:\/\/arteliagroup.ca\/fr\/wp-json\/wp\/v2\/projets"}],"about":[{"href":"https:\/\/arteliagroup.ca\/fr\/wp-json\/wp\/v2\/types\/projets"}],"version-history":[{"count":8,"href":"https:\/\/arteliagroup.ca\/fr\/wp-json\/wp\/v2\/projets\/2639\/revisions"}],"predecessor-version":[{"id":34978,"href":"https:\/\/arteliagroup.ca\/fr\/wp-json\/wp\/v2\/projets\/2639\/revisions\/34978"}],"wp:featuredmedia":[{"embeddable":true,"href":"https:\/\/arteliagroup.ca\/fr\/wp-json\/wp\/v2\/media\/11708"}],"wp:attachment":[{"href":"https:\/\/arteliagroup.ca\/fr\/wp-json\/wp\/v2\/media?parent=2639"}],"wp:term":[{"taxonomy":"domaines","embeddable":true,"href":"https:\/\/arteliagroup.ca\/fr\/wp-json\/wp\/v2\/domaines?post=2639"},{"taxonomy":"domaine-activite","embeddable":true,"href":"https:\/\/arteliagroup.ca\/fr\/wp-json\/wp\/v2\/domaine-activite?post=2639"},{"taxonomy":"enjeux","embeddable":true,"href":"https:\/\/arteliagroup.ca\/fr\/wp-json\/wp\/v2\/enjeux?post=2639"},{"taxonomy":"galerie","embeddable":true,"href":"https:\/\/arteliagroup.ca\/fr\/wp-json\/wp\/v2\/galerie?post=2639"},{"taxonomy":"pays","embeddable":true,"href":"https:\/\/arteliagroup.ca\/fr\/wp-json\/wp\/v2\/pays?post=2639"}],"curies":[{"name":"wp","href":"https:\/\/api.w.org\/{rel}","templated":true}]}}